{"id":4009,"date":"2024-08-28T18:43:03","date_gmt":"2024-08-28T18:43:03","guid":{"rendered":"https:\/\/ferrancremades.es\/?page_id=4009"},"modified":"2024-08-28T19:19:07","modified_gmt":"2024-08-28T19:19:07","slug":"elogio-de-un-espacio","status":"publish","type":"page","link":"https:\/\/ferrancremades.es\/index.php\/art__cultura\/elogio-de-un-espacio\/","title":{"rendered":"4.3.1 Elogio de un Espacio"},"content":{"rendered":"\t\t<div data-elementor-type=\"wp-page\" data-elementor-id=\"4009\" class=\"elementor elementor-4009\">\n\t\t\t\t<div class=\"elementor-element elementor-element-771cb9c7 e-flex e-con-boxed e-con e-parent\" data-id=\"771cb9c7\" data-element_type=\"container\" data-e-type=\"container\">\n\t\t\t\t\t<div class=\"e-con-inner\">\n\t\t<div class=\"elementor-element elementor-element-ddef779 e-con-full e-flex e-con e-child\" data-id=\"ddef779\" data-element_type=\"container\" data-e-type=\"container\">\n\t\t\t\t<div class=\"elementor-element elementor-element-35bb117 elementor-widget elementor-widget-text-editor\" data-id=\"35bb117\" data-element_type=\"widget\" data-e-type=\"widget\" data-widget_type=\"text-editor.default\">\n\t\t\t\t<div class=\"elementor-widget-container\">\n\t\t\t\t\t\t\t\t\t<h2><strong>LIBRER\u00cdA ISADORA<br \/><\/strong><\/h2>\t\t\t\t\t\t\t\t<\/div>\n\t\t\t\t<\/div>\n\t\t\t\t<div class=\"elementor-element elementor-element-7ccd31e elementor-widget elementor-widget-text-editor\" data-id=\"7ccd31e\" data-element_type=\"widget\" data-e-type=\"widget\" data-widget_type=\"text-editor.default\">\n\t\t\t\t<div class=\"elementor-widget-container\">\n\t\t\t\t\t\t\t\t\t<p style=\"text-align: center;\">ELOGIO DE UN ESPACIO<\/p>\t\t\t\t\t\t\t\t<\/div>\n\t\t\t\t<\/div>\n\t\t\t\t<div class=\"elementor-element elementor-element-8f507e4 elementor-widget elementor-widget-image\" data-id=\"8f507e4\" data-element_type=\"widget\" data-e-type=\"widget\" data-widget_type=\"image.default\">\n\t\t\t\t<div class=\"elementor-widget-container\">\n\t\t\t\t\t\t\t\t\t\t\t\t<figure class=\"wp-caption\">\n\t\t\t\t\t\t\t\t\t\t<img fetchpriority=\"high\" decoding=\"async\" width=\"730\" height=\"1024\" src=\"https:\/\/ferrancremades.es\/wp-content\/uploads\/2024\/08\/Libreria-Isadora-exterior-730x1024.jpg\" class=\"attachment-large size-large wp-image-4013\" alt=\"\" srcset=\"https:\/\/ferrancremades.es\/wp-content\/uploads\/2024\/08\/Libreria-Isadora-exterior-730x1024.jpg 730w, https:\/\/ferrancremades.es\/wp-content\/uploads\/2024\/08\/Libreria-Isadora-exterior-214x300.jpg 214w, https:\/\/ferrancremades.es\/wp-content\/uploads\/2024\/08\/Libreria-Isadora-exterior-768x1077.jpg 768w, https:\/\/ferrancremades.es\/wp-content\/uploads\/2024\/08\/Libreria-Isadora-exterior-e1724871649724.jpg 600w\" sizes=\"(max-width: 730px) 100vw, 730px\" \/>\t\t\t\t\t\t\t\t\t\t\t<figcaption class=\"widget-image-caption wp-caption-text\">LIBRER\u00cdA ISADORA - EXTERIOR<\/figcaption>\n\t\t\t\t\t\t\t\t\t\t<\/figure>\n\t\t\t\t\t\t\t\t\t<\/div>\n\t\t\t\t<\/div>\n\t\t\t\t<div class=\"elementor-element elementor-element-5293033 elementor-widget elementor-widget-text-editor\" data-id=\"5293033\" data-element_type=\"widget\" data-e-type=\"widget\" data-widget_type=\"text-editor.default\">\n\t\t\t\t<div class=\"elementor-widget-container\">\n\t\t\t\t\t\t\t\t\t<p style=\"text-align: center;\"><strong>Ferran Cremades i Arlandis<\/strong><\/p>\t\t\t\t\t\t\t\t<\/div>\n\t\t\t\t<\/div>\n\t\t\t\t<div class=\"elementor-element elementor-element-4df0276 elementor-widget elementor-widget-text-editor\" data-id=\"4df0276\" data-element_type=\"widget\" data-e-type=\"widget\" data-widget_type=\"text-editor.default\">\n\t\t\t\t<div class=\"elementor-widget-container\">\n\t\t\t\t\t\t\t\t\t<p>\u00a0\u00a0 A Aurelio y a Michel<\/p>\t\t\t\t\t\t\t\t<\/div>\n\t\t\t\t<\/div>\n\t\t\t\t<div class=\"elementor-element elementor-element-eae97cc elementor-widget elementor-widget-text-editor\" data-id=\"eae97cc\" data-element_type=\"widget\" data-e-type=\"widget\" data-widget_type=\"text-editor.default\">\n\t\t\t\t<div class=\"elementor-widget-container\">\n\t\t\t\t\t\t\t\t\t<p style=\"text-align: right;\">Le fruit le plus agr\u00e9able<br \/>et le plus utile au monde<br \/>est la reconnaissance.<br \/>M\u00e9nandre.<\/p>\t\t\t\t\t\t\t\t<\/div>\n\t\t\t\t<\/div>\n\t\t\t\t<div class=\"elementor-element elementor-element-3c135e2 elementor-widget elementor-widget-text-editor\" data-id=\"3c135e2\" data-element_type=\"widget\" data-e-type=\"widget\" data-widget_type=\"text-editor.default\">\n\t\t\t\t<div class=\"elementor-widget-container\">\n\t\t\t\t\t\t\t\t\t<h4 style=\"text-align: center;\"><strong>i<br \/><\/strong><\/h4>\t\t\t\t\t\t\t\t<\/div>\n\t\t\t\t<\/div>\n\t\t\t\t<\/div>\n\t\t\t\t<div class=\"elementor-element elementor-element-581b5bd elementor-widget elementor-widget-text-editor\" data-id=\"581b5bd\" data-element_type=\"widget\" data-e-type=\"widget\" data-widget_type=\"text-editor.default\">\n\t\t\t\t<div class=\"elementor-widget-container\">\n\t\t\t\t\t\t\t\t\t<p style=\"text-align: justify;\">A\u00fan recuerdo que aquel lunes sal\u00ed de casa al mediod\u00eda. Tras una larga noche de desvelo, me despert\u00e9 con cierta inquietud, pues hac\u00eda d\u00edas que buscaba una salida a la situaci\u00f3n estancada en que viv\u00eda. As\u00ed que, tras tomar un caf\u00e9 humeante en uno de los muchos bares que hab\u00eda en el coraz\u00f3n de la ciudad, cog\u00ed la calle la Paz y nada m\u00e1s girar la primera bocacalle, me adentr\u00e9 en una peque\u00f1a plaza peatonal y tranquila que parec\u00eda formar parte de un laberinto de callejuelas. No era la primera vez que hac\u00eda tal recorrido. Por eso me sorprend\u00ed al descubrir de pronto una tienda de libros. Aquel hallazgo me pareci\u00f3 fruto de la magia, pues no ten\u00eda conciencia de haberla visto antes. Hab\u00eda dos escaparates m\u00ednimos que escoltaban la puerta sobre cuyo dintel se alzaba el nombre ISADORA, que evoc\u00f3 en mi mente una luz ondulante. Un toldo de rayas blancas y azules aportaba cierta calidez mediterr\u00e1nea. Aquel espacio estaba como envuelto por cierta ingravidez, sin duda alguna por el efecto de la luz que desprend\u00eda. La puerta de cristal permit\u00eda ver un interior encendido que en el acto despertaba nuestra imaginaci\u00f3n. Me gustan los lugares sencillos y acogedores, por lo que no dud\u00e9 en entrar, sin saber realmente qu\u00e9 buscaba ni qu\u00e9 iba a encontrar. Al abrir la puerta, percib\u00ed un oleaje de perfume fresco y un silencio inusitado que nos advert\u00edan de que algo maravilloso estaba a punto de ocurrir. Apenas me atrev\u00eda a hacer ruido. Miraba las portadas de los libros y hasta ojeaba algunas p\u00e1ginas. Esa era mi manera de elegir lo que desconoc\u00eda. Lo que me pareci\u00f3 curioso fue que, sin preguntar por ning\u00fan t\u00edtulo ni revelarle mis gustos literarios, el librero me ofreciera una colecci\u00f3n de relatos g\u00f3ticos. Le mir\u00e9 con cierta perplejidad y me encog\u00ed de hombros, d\u00e1ndole a entender que yo no hab\u00eda hecho ning\u00fan pedido. Un buen librero sabe qu\u00e9 libros quiere el lector. Eso me dijo. Al salir me qued\u00e9 mirando el letrero de dise\u00f1o modernista, obra del artista y cineasta Rafa Gasent, a quien los libreros consideraban un amigo y hasta un hermano de toda la vida. Aquella noche regres\u00e9 a mi casa con la certeza de que una ciudad no puede ser perfecta si no tiene librer\u00edas.<\/p>\t\t\t\t\t\t\t\t<\/div>\n\t\t\t\t<\/div>\n\t\t<div class=\"elementor-element elementor-element-deab736 e-grid e-con-full e-con e-child\" data-id=\"deab736\" data-element_type=\"container\" data-e-type=\"container\">\n\t\t\t\t<div class=\"elementor-element elementor-element-a11d516 elementor-widget elementor-widget-image\" data-id=\"a11d516\" data-element_type=\"widget\" data-e-type=\"widget\" data-widget_type=\"image.default\">\n\t\t\t\t<div class=\"elementor-widget-container\">\n\t\t\t\t\t\t\t\t\t\t\t\t<figure class=\"wp-caption\">\n\t\t\t\t\t\t\t\t\t\t<img decoding=\"async\" width=\"587\" height=\"600\" src=\"https:\/\/ferrancremades.es\/wp-content\/uploads\/2024\/08\/Libreria-Isadora-Aurelio-e1724872034794.jpg\" class=\"attachment-large size-large wp-image-4012\" alt=\"\" \/>\t\t\t\t\t\t\t\t\t\t\t<figcaption class=\"widget-image-caption wp-caption-text\">AURELIO<\/figcaption>\n\t\t\t\t\t\t\t\t\t\t<\/figure>\n\t\t\t\t\t\t\t\t\t<\/div>\n\t\t\t\t<\/div>\n\t\t\t\t<div class=\"elementor-element elementor-element-57e54a7 elementor-widget elementor-widget-image\" data-id=\"57e54a7\" data-element_type=\"widget\" data-e-type=\"widget\" data-widget_type=\"image.default\">\n\t\t\t\t<div class=\"elementor-widget-container\">\n\t\t\t\t\t\t\t\t\t\t\t\t<figure class=\"wp-caption\">\n\t\t\t\t\t\t\t\t\t\t<img decoding=\"async\" width=\"592\" height=\"600\" src=\"https:\/\/ferrancremades.es\/wp-content\/uploads\/2024\/08\/Libreria-Isadora-Michel-e1724872066518.jpg\" class=\"attachment-large size-large wp-image-4016\" alt=\"\" \/>\t\t\t\t\t\t\t\t\t\t\t<figcaption class=\"widget-image-caption wp-caption-text\">MICHEL<\/figcaption>\n\t\t\t\t\t\t\t\t\t\t<\/figure>\n\t\t\t\t\t\t\t\t\t<\/div>\n\t\t\t\t<\/div>\n\t\t\t\t<\/div>\n\t\t\t\t<div class=\"elementor-element elementor-element-a2eb103 elementor-widget elementor-widget-text-editor\" data-id=\"a2eb103\" data-element_type=\"widget\" data-e-type=\"widget\" data-widget_type=\"text-editor.default\">\n\t\t\t\t<div class=\"elementor-widget-container\">\n\t\t\t\t\t\t\t\t\t<h4 style=\"text-align: center;\"><strong>ii<br \/><\/strong><\/h4>\t\t\t\t\t\t\t\t<\/div>\n\t\t\t\t<\/div>\n\t\t\t\t<div class=\"elementor-element elementor-element-93b8030 elementor-widget elementor-widget-text-editor\" data-id=\"93b8030\" data-element_type=\"widget\" data-e-type=\"widget\" data-widget_type=\"text-editor.default\">\n\t\t\t\t<div class=\"elementor-widget-container\">\n\t\t\t\t\t\t\t\t\t<p style=\"text-align: justify;\">En poco tiempo, puesto que ya conoc\u00edan mis gustos literarios y mis temas preferidos, sent\u00ed cierta familiaridad con los libreros. El trato era amable y el gusto, exquisito. Ir all\u00ed era como visitar a unos amigos que te hab\u00edan invitado a tomar el t\u00e9. Toda una ceremonia. Hijos del Mayo del 68, Aurelio y Michel se conocieron en una librer\u00eda del barrio latino. De hecho, ISADORA naci\u00f3 en Par\u00eds, fruto de un acto de amor y osad\u00eda, que ten\u00eda como referente a una Isadora Duncan, nacida de las olas y esculpida por el viento, que era la musa de la danza y de la libertad. En aquellos tiempos, con una Francia que ofrec\u00eda el sue\u00f1o de la imaginaci\u00f3n al poder y una Espa\u00f1a que buscaba nuevos horizontes, era todo un privilegio crear un espacio de emancipaci\u00f3n total, lo que implicaba estar dispuesto a correr una serie de riesgos.<\/p><p style=\"text-align: justify;\">Cada d\u00eda que visitaba la librer\u00eda, ten\u00eda la sensaci\u00f3n de conocer a todos aquellos seres que quiz\u00e1 ve\u00eda por primera vez en mi vida. De las l\u00e1mparas de dise\u00f1o emanaba una luz tamizada, tan m\u00edstica como esot\u00e9rica, que convert\u00eda las paredes en un laberinto de libros que ocultaban en su interior todo un mundo de secretos y maravillas. Se escuchaban las voces de los personajes o los rumores de una extra\u00f1a melod\u00eda. Se contemplaba la belleza de los paisajes, como un r\u00edo que buscaba el horizonte del mar. El silencio que reinaba otorgaba a aquel espacio una paz sagrada anhelada en un tiempo de convulsiones sociales. Envueltos por aquella luz, nos sent\u00edamos protegidos, libres de cualquier peligro. All\u00ed nac\u00edan amistades tan sinceras como duraderas y desamores que se desvanec\u00edan en sonrisas huidizas. Cada d\u00eda que pasaba uno se afanaba en avivar el sue\u00f1o de tocar el cielo con las manos.<\/p><p style=\"text-align: justify;\">Aquella tarde de primavera, el librero eficiente me hab\u00eda preparado unos vol\u00famenes que cre\u00eda que me pod\u00edan interesar. El paquete, que acababa de dejar sobre una mesa de escritorio que ten\u00eda dos cajones, iba atado con un papelito en el que hab\u00eda escrito mi nombre. Acto seguido me invit\u00f3 a sentarme en el sill\u00f3n de estilo que hab\u00eda en el rinc\u00f3n del primer rellano. M\u00e1s que una compra parec\u00eda un regalo. Cuando lo abr\u00ed, me percat\u00e9 que estaban justo los libros que hab\u00eda escrito en una lista que acababa de sacar del bolsillo de mi chaqueta. Hojeaba los libros de literatura y ojeaba los libros de ensayo. Levant\u00e9 la mano con timidez. Mi mirada se dirigi\u00f3 hacia el librero adivino, que asinti\u00f3, d\u00e1ndome a entender que los hab\u00eda elegido previamente.<\/p>\t\t\t\t\t\t\t\t<\/div>\n\t\t\t\t<\/div>\n\t\t\t\t<div class=\"elementor-element elementor-element-a10a7ee elementor-widget elementor-widget-text-editor\" data-id=\"a10a7ee\" data-element_type=\"widget\" data-e-type=\"widget\" data-widget_type=\"text-editor.default\">\n\t\t\t\t<div class=\"elementor-widget-container\">\n\t\t\t\t\t\t\t\t\t<h4 style=\"text-align: center;\"><strong>iii<br \/><\/strong><\/h4>\t\t\t\t\t\t\t\t<\/div>\n\t\t\t\t<\/div>\n\t\t\t\t<div class=\"elementor-element elementor-element-972f908 elementor-widget elementor-widget-text-editor\" data-id=\"972f908\" data-element_type=\"widget\" data-e-type=\"widget\" data-widget_type=\"text-editor.default\">\n\t\t\t\t<div class=\"elementor-widget-container\">\n\t\t\t\t\t\t\t\t\t<p style=\"text-align: justify;\">Alguien, que acababa de llegar, se sorprendi\u00f3 al verme por primera vez, pero con aplomo y firmeza baj\u00f3 unos escalones. Me qued\u00e9 quieto, mirando la peque\u00f1a escalera que daba a la trastienda. No hace falta ninguna llave para abrir la puerta, eso me dijo el librero al bajar los tres escalones. Los libros prohibidos que ven\u00edan de Argentina, M\u00e9jico o Par\u00eds permanec\u00edan ocultos en la sombra. Entre otros t\u00edtulos, descubr\u00ed \u201c<em>La muerte de Garc\u00eda Lorca\u201d<\/em>, de Ian Gibson, y \u201c<em>La Guerra Civil Espa\u00f1ola\u201d<\/em>, de Hugh Thomas, ambos publicados por la editorial Ruedo Ib\u00e9rico.<\/p><p style=\"text-align: justify;\">En la hora de la despedida, te invitaban a mirarte en el espejo antiguo, con molduras de madera, para recomponer tu figura. \u00a1Vete con cuidado! Ese libro es la llave de un sue\u00f1o, pero si te pillan te abrir\u00e1 la puerta del infierno. Sal\u00eda de aquel espacio con un par de libros en la mano. Aquellos p\u00e1jaros enjaulados desplegaban las alas de su libertad, recorr\u00edan las calles o sobrevolaban las azoteas de la ciudad para perderse en un cielo gris con nubes negras que amenazaban con descargar las fuertes lluvias del oto\u00f1o.<\/p>\t\t\t\t\t\t\t\t<\/div>\n\t\t\t\t<\/div>\n\t\t\t\t<div class=\"elementor-element elementor-element-405f5df elementor-widget elementor-widget-image\" data-id=\"405f5df\" data-element_type=\"widget\" data-e-type=\"widget\" data-widget_type=\"image.default\">\n\t\t\t\t<div class=\"elementor-widget-container\">\n\t\t\t\t\t\t\t\t\t\t\t\t<figure class=\"wp-caption\">\n\t\t\t\t\t\t\t\t\t\t<img loading=\"lazy\" decoding=\"async\" width=\"600\" height=\"750\" src=\"https:\/\/ferrancremades.es\/wp-content\/uploads\/2024\/08\/Libreria-Isadora-Isadora-Duncan-e1724872219306.jpg\" class=\"attachment-large size-large wp-image-4011\" alt=\"\" \/>\t\t\t\t\t\t\t\t\t\t\t<figcaption class=\"widget-image-caption wp-caption-text\">ISADORA DUNCAN<\/figcaption>\n\t\t\t\t\t\t\t\t\t\t<\/figure>\n\t\t\t\t\t\t\t\t\t<\/div>\n\t\t\t\t<\/div>\n\t\t\t\t<div class=\"elementor-element elementor-element-e90a658 elementor-widget elementor-widget-text-editor\" data-id=\"e90a658\" data-element_type=\"widget\" data-e-type=\"widget\" data-widget_type=\"text-editor.default\">\n\t\t\t\t<div class=\"elementor-widget-container\">\n\t\t\t\t\t\t\t\t\t<p style=\"text-align: justify;\">En ISADORA no s\u00f3lo hab\u00eda libros, sino tambi\u00e9n vida. Un adolescente, \u00e1vido de belleza y sue\u00f1os, aprend\u00eda cu\u00e1l era la verdadera dureza de la vida, al tener que comprar los siete vol\u00famenes de \u201c<em>\u00c0 la Recherche du temps perdu\u201d<\/em> con la suma de los jornales de dos semanas recogiendo naranjas en el campo. Pero leer a Proust es un regalo por partida doble. Al placer de la lectura se une la impresi\u00f3n de que uno se convierte en un ser diferente y \u00fanico. Lo que venga despu\u00e9s ya es fruto de los azares que a uno le guarda la vida. Un d\u00eda, dos estudiantes de econom\u00eda robaron dos de los tres vol\u00famenes de \u201c<em>El Capital\u201d<\/em>, de Karl Marx, pues carec\u00edan de medios para adquirir toda aquella obra. Al d\u00eda siguiente, regresaron con cierta pesadumbre, reconociendo estar arrepentidos. No pod\u00edan robar libros a una librer\u00eda como ISADORA. El desenlace final fue una buena oferta por parte de los libreros y un abrazo de paz. Hab\u00eda otras historias que merodeaban los escenarios del \u201c<em>Ulises\u201d<\/em> de James Joyce.<\/p><p style=\"text-align: justify;\">Con el tiempo, ISADORA, tras ofrecernos el sabor inolvidable de nuevos valores, se convirti\u00f3 en un foco de cultura donde se aunaba pensamiento y arte. Ese era el esp\u00edritu de una vanguardia que nos abr\u00eda las puertas de Europa. La lectura nos acercaba al mundo de la ideas, pero tambi\u00e9n al mundo de la acci\u00f3n. Y m\u00e1s aun en una \u00e9poca oscura donde Espa\u00f1a hab\u00eda devenido un lago de agua estancada. La cultura, como arma de la utop\u00eda, aglutinaba cuerpos y mentes que desafiaban un futuro incierto. Un d\u00eda, aquel espacio de luz tuvo que pagar un precio muy alto. A altas horas de la noche sufri\u00f3 el zarpazo de la bestia herida, haciendo a\u00f1icos las vitrinas y los escaparates.<\/p>\t\t\t\t\t\t\t\t<\/div>\n\t\t\t\t<\/div>\n\t\t\t\t<div class=\"elementor-element elementor-element-d52cbbc elementor-widget elementor-widget-text-editor\" data-id=\"d52cbbc\" data-element_type=\"widget\" data-e-type=\"widget\" data-widget_type=\"text-editor.default\">\n\t\t\t\t<div class=\"elementor-widget-container\">\n\t\t\t\t\t\t\t\t\t<h4 style=\"text-align: center;\"><strong>iV<br \/><\/strong><\/h4>\t\t\t\t\t\t\t\t<\/div>\n\t\t\t\t<\/div>\n\t\t\t\t<div class=\"elementor-element elementor-element-490cbda elementor-widget elementor-widget-text-editor\" data-id=\"490cbda\" data-element_type=\"widget\" data-e-type=\"widget\" data-widget_type=\"text-editor.default\">\n\t\t\t\t<div class=\"elementor-widget-container\">\n\t\t\t\t\t\t\t\t\t<p style=\"text-align: justify;\">Poco a poco retornaban los intelectuales exiliados, que dejaban atr\u00e1s\u00a0 a\u00f1os de olvido y de oscuridad, y uno aprend\u00eda cosas de una historia que nunca le hab\u00edan contado. Hab\u00eda presencias \u00fanicas e irrepetibles. A veces se presentaba, como una aparici\u00f3n, la figura fr\u00e1gil y delicada del poeta Juan Gil-Albert, abatido por el exilio y con la mirada perdida en un crep\u00fasculo cuajado de silencios. El encuentro del escritor y el librero se envuelve en un aire de sencillez familiar. A trav\u00e9s de sus ojos de ni\u00f1o, Aurelio deja vagar sus recuerdos hacia el espejo que flota en una nube de melancol\u00eda. Ambos hablan de tiempos lejanos, cuando Aurelio descubri\u00f3 al autor a una edad temprana. El di\u00e1logo de sus pensamientos est\u00e1 hecho de versos de poemas y de dedicatorias de una belleza sublime que con los a\u00f1os sellaron una amistad profunda. Suele ocurrir entre escritores y lectores. Es fruto del placer de la lectura. Y por eso hab\u00eda d\u00edas que los viandantes de la ciudad de Valencia se acercaban a ISADORA con el fin de saludar al poeta y comprar un libro dedicado como quien compra una joya. Uno de los amantes de la obra de Juan Gil-Albert es el escritor cubano Luis Ignacio Larcada, quien le organiz\u00f3 un homenaje en la casa de la cultura de Miami, la primavera de 2013. \u201c<em>Juan Gil-Albert: una lectura para quienes razonan\u201d<\/em>, donde habl\u00f3 de la relaci\u00f3n del poeta de Alcoy con la librer\u00eda ISADORA. A finales de los 80, el poeta cubano public\u00f3 un bello libro \u201c<em>La imagen que no se deteriora\u201d<\/em>, que incluye un poema titulado \u201cTienda de libros\u201d, dedicado a Aurelio y Michel.<\/p>\t\t\t\t\t\t\t\t<\/div>\n\t\t\t\t<\/div>\n\t\t\t\t<div class=\"elementor-element elementor-element-9de6106 elementor-widget elementor-widget-image\" data-id=\"9de6106\" data-element_type=\"widget\" data-e-type=\"widget\" data-widget_type=\"image.default\">\n\t\t\t\t<div class=\"elementor-widget-container\">\n\t\t\t\t\t\t\t\t\t\t\t\t<figure class=\"wp-caption\">\n\t\t\t\t\t\t\t\t\t\t<img loading=\"lazy\" decoding=\"async\" width=\"594\" height=\"855\" src=\"https:\/\/ferrancremades.es\/wp-content\/uploads\/2024\/08\/Libreria-Isadora-interior.jpg\" class=\"attachment-large size-large wp-image-4015\" alt=\"\" srcset=\"https:\/\/ferrancremades.es\/wp-content\/uploads\/2024\/08\/Libreria-Isadora-interior.jpg 594w, https:\/\/ferrancremades.es\/wp-content\/uploads\/2024\/08\/Libreria-Isadora-interior-208x300.jpg 208w\" sizes=\"(max-width: 594px) 100vw, 594px\" \/>\t\t\t\t\t\t\t\t\t\t\t<figcaption class=\"widget-image-caption wp-caption-text\">LIBRER\u00cdA ISADORA - INTERIOR 1<\/figcaption>\n\t\t\t\t\t\t\t\t\t\t<\/figure>\n\t\t\t\t\t\t\t\t\t<\/div>\n\t\t\t\t<\/div>\n\t\t\t\t<div class=\"elementor-element elementor-element-774d62a elementor-widget elementor-widget-text-editor\" data-id=\"774d62a\" data-element_type=\"widget\" data-e-type=\"widget\" data-widget_type=\"text-editor.default\">\n\t\t\t\t<div class=\"elementor-widget-container\">\n\t\t\t\t\t\t\t\t\t<p style=\"text-align: justify;\">La figura que se refleja ahora en el espejo es la del pintor Ram\u00f3n Gaya. Los seres somos esa colecci\u00f3n de retratos detenidos en el tiempo, pero tambi\u00e9n esos cuerpos que se expanden en olas de sue\u00f1os y ca\u00eddas. Pese a los a\u00f1os, el pintor mantiene intacta la pasi\u00f3n por una pintura que se ve y se siente como una verdad del esp\u00edritu, despojada de toda certeza. Una y otra vez, con su intuici\u00f3n y su gesto natural, regresa al espacio \u00fanico y prodigioso de \u201c<em>Las Meninas\u201d<\/em>. La conversaci\u00f3n es tan clara y precisa como enriquecedora. No tiene otra patria que la de la pintura. En cada uno de sus cuadros busca reflejar instantes eternos. Vasos de flores, bodegones, paisajes y puentes de ciudades por los que discurren r\u00edos caudalosos. Es un viaje que hace con la compa\u00f1\u00eda de su extraordinaria mujer, Cuca Verdejo. Ambos se profesaban una admiraci\u00f3n mutua.<\/p><p style=\"text-align: justify;\">\u00a0\u00a0\u00a0\u00a0\u00a0\u00a0\u00a0\u00a0 Entre las cuatro paredes de este espacio sagrado se codeaban escritores consagrados con una nueva generaci\u00f3n de autores, a quienes la lectura les hab\u00eda dado alas para perseguir el vuelo de la poes\u00eda. Tanto unos como otros expon\u00edan sus libros reci\u00e9n publicados en la estanter\u00eda de las novedades, como un gesto de gratitud y reconocimiento. Todav\u00eda hoy los libreros reciben en su casa libros dedicados, como la obra \u201c<em>Maldita Comedia<\/em>\u201d, del poeta Juan Jos\u00e9 Romero Cortes.\u00a0<\/p><p style=\"text-align: justify;\">\u00a0\u00a0\u00a0\u00a0\u00a0\u00a0\u00a0\u00a0 J\u00f3venes amantes del arte visitaban con cierta asiduidad la librer\u00eda. Mar\u00eda Montes, Josep Hortol\u00e0, Cristina Navarro, Esperanza Fontecha, Santiago Ca\u00f1am\u00e1s y, en particular, Encarna Arnal, que un d\u00eda, como muestra de su entra\u00f1able amistad, les sorprender\u00eda con un cuadro de la casa de campo de Aurelio y Michel, convertida tambi\u00e9n en un lugar de encuentro cultural, como una prolongaci\u00f3n de la librer\u00eda.<\/p><p style=\"text-align: justify;\">La literatura flirteaba con todos los movimientos culturales, desde el esoterismo al feminismo. Era todo un lujo tener como invitadas a grandes damas de la literatura, como Carmen Mart\u00edn Gaite y Rosa Chacel. El escritor Luis Antonio de Villena lleg\u00f3 un d\u00eda acompa\u00f1ado de Juan Gil-Albert. En el interior de aquel espacio se celebraban presentaciones de libros y encuentros fortuitos que de inmediato se convert\u00edan en tertulias literarias espont\u00e1neas. Todav\u00eda uno recuerda como inolvidables las fiestas se\u00f1aladas de Navidad y A\u00f1o Nuevo. Era un encuentro de amigos y clientes, donde se brindaba con vino dulce o co\u00f1ac, con lo que combat\u00edan el fr\u00edo de las noches invernales.<\/p><p style=\"text-align: justify;\">En el interior de la librer\u00eda hab\u00eda momentos en los que surg\u00edan recuerdos. En un encuentro tan deseado como imprevisto, la periodista Mar\u00eda Jos\u00e9 MU\u00d1OZ PEIRATS, me cont\u00f3 su presencia en una conferencia en Madrid sobre la mujer en plena transici\u00f3n. Hab\u00eda asistido como representante del Partido Dem\u00f3crata Liberal. Con la mirada iluminada recordaba una sala grande, completamente llena, donde hab\u00eda gente sentada hasta en el suelo. Ella hizo lo mismo y se dej\u00f3 caer sobre la alfombra en un rinc\u00f3n. A su lado le sorprendi\u00f3, inconfundible, Rosa Chacel. La periodista acababa de leer su novela \u201cLa Sinraz\u00f3n\u201d, sin duda una de sus novelas m\u00e1s interesante. Al hablarle de su obra le coment\u00f3 que era una de las autoras m\u00e1s fascinante de la Literatura Espa\u00f1ola. Rosa Chacel sonri\u00f3 lejana y le susurr\u00f3: \u201cNo olvides que estamos en un mundo de hombres\u201d.\u00a0<\/p>\t\t\t\t\t\t\t\t<\/div>\n\t\t\t\t<\/div>\n\t\t\t\t<div class=\"elementor-element elementor-element-3b946f4 elementor-widget elementor-widget-image\" data-id=\"3b946f4\" data-element_type=\"widget\" data-e-type=\"widget\" data-widget_type=\"image.default\">\n\t\t\t\t<div class=\"elementor-widget-container\">\n\t\t\t\t\t\t\t\t\t\t\t\t<figure class=\"wp-caption\">\n\t\t\t\t\t\t\t\t\t\t<img loading=\"lazy\" decoding=\"async\" width=\"715\" height=\"1024\" src=\"https:\/\/ferrancremades.es\/wp-content\/uploads\/2024\/08\/Libreria-Isadora-interior-2-715x1024.jpg\" class=\"attachment-large size-large wp-image-4014\" alt=\"\" srcset=\"https:\/\/ferrancremades.es\/wp-content\/uploads\/2024\/08\/Libreria-Isadora-interior-2-715x1024.jpg 715w, https:\/\/ferrancremades.es\/wp-content\/uploads\/2024\/08\/Libreria-Isadora-interior-2-209x300.jpg 209w, https:\/\/ferrancremades.es\/wp-content\/uploads\/2024\/08\/Libreria-Isadora-interior-2-e1724872481645.jpg 600w\" sizes=\"(max-width: 715px) 100vw, 715px\" \/>\t\t\t\t\t\t\t\t\t\t\t<figcaption class=\"widget-image-caption wp-caption-text\">LIBRER\u00cdA ISADORA - INTERIOR 2<\/figcaption>\n\t\t\t\t\t\t\t\t\t\t<\/figure>\n\t\t\t\t\t\t\t\t\t<\/div>\n\t\t\t\t<\/div>\n\t\t\t\t<div class=\"elementor-element elementor-element-706d124 elementor-widget elementor-widget-text-editor\" data-id=\"706d124\" data-element_type=\"widget\" data-e-type=\"widget\" data-widget_type=\"text-editor.default\">\n\t\t\t\t<div class=\"elementor-widget-container\">\n\t\t\t\t\t\t\t\t\t<h4 style=\"text-align: center;\"><strong>V<br \/><\/strong><\/h4>\t\t\t\t\t\t\t\t<\/div>\n\t\t\t\t<\/div>\n\t\t\t\t<div class=\"elementor-element elementor-element-d112270 elementor-widget elementor-widget-text-editor\" data-id=\"d112270\" data-element_type=\"widget\" data-e-type=\"widget\" data-widget_type=\"text-editor.default\">\n\t\t\t\t<div class=\"elementor-widget-container\">\n\t\t\t\t\t\t\t\t\t<p style=\"text-align: justify;\">A\u00fan hoy, cuando regreso a la ciudad, pese a saber que la librer\u00eda desapareci\u00f3 un d\u00eda como por arte de magia, sin siquiera decirnos adi\u00f3s, visito aquella plaza peatonal y tranquila, donde naci\u00f3 nuestro sabio Llu\u00eds Vives, que en sus \u00faltimos d\u00edas implor\u00f3 que el fuego de la Inquisici\u00f3n hab\u00eda de apagarse con las l\u00e1grimas del alma. All\u00ed am\u00e9 los libros. All\u00ed aprend\u00ed a vivir. All\u00ed crec\u00ed como escritor. Si bien al principio me siento indeciso y desubicado, golpeado por una confusa melancol\u00eda, de inmediato siento la fortuna de su aparici\u00f3n. Y al levantar la mirada, veo la librer\u00eda con las luces encendidas. De inmediato abro el tarro de los recuerdos y las emociones me invaden al sentir una esencia llamada ISADORA. Una esencia extra\u00edda del fruto de las conversaciones sigilosas y de los pensamientos secretos, y que guardamos en nuestro coraz\u00f3n. A la vez, somos agua de fuentes y cascadas, y somos piedras de caminos y rocas de acantilados escarpados. Tenemos la fragilidad de los juncos y la robustez de los robles. Subimos cimas inalcanzables y sufrimos ca\u00eddas imprevistas. Una esencia de la que echamos manos los d\u00edas de adversidad para respirar profundamente y tomar aliento con el fin de proseguir el camino que nos lleva al infinito. Como siempre, antes de regresar a mi vida, adivino tras los cristales trasl\u00facidos la sombra et\u00e9rea de una Isadora Duncan que danza movida por las alas del viento, como una llama que nunca se apagar\u00e1.<\/p>\t\t\t\t\t\t\t\t<\/div>\n\t\t\t\t<\/div>\n\t\t\t\t<div class=\"elementor-element elementor-element-8d70ddf elementor-widget elementor-widget-text-editor\" data-id=\"8d70ddf\" data-element_type=\"widget\" data-e-type=\"widget\" data-widget_type=\"text-editor.default\">\n\t\t\t\t<div class=\"elementor-widget-container\">\n\t\t\t\t\t\t\t\t\t<p style=\"text-align: right;\"><strong>\u00a0<em>Ferran Cremades i Arlandis<br \/><\/em><em>Ciudad Jard\u00edn AUSIAS MARCH, oto\u00f1o 2018<\/em><\/strong><\/p>\t\t\t\t\t\t\t\t<\/div>\n\t\t\t\t<\/div>\n\t\t\t\t<div class=\"elementor-element elementor-element-941f200 elementor-align-center elementor-widget elementor-widget-button\" data-id=\"941f200\" data-element_type=\"widget\" data-e-type=\"widget\" data-widget_type=\"button.default\">\n\t\t\t\t<div class=\"elementor-widget-container\">\n\t\t\t\t\t\t\t\t\t<div class=\"elementor-button-wrapper\">\n\t\t\t\t\t<a class=\"elementor-button elementor-button-link elementor-size-sm\" href=\"https:\/\/ferrancremades.es\/wp-content\/uploads\/2024\/08\/Libreria-Isadora-Elogio-de-un-Espacio.pdf\" target=\"_blank\">\n\t\t\t\t\t\t<span class=\"elementor-button-content-wrapper\">\n\t\t\t\t\t\t\t\t\t<span class=\"elementor-button-text\">Version PDF<\/span>\n\t\t\t\t\t<\/span>\n\t\t\t\t\t<\/a>\n\t\t\t\t<\/div>\n\t\t\t\t\t\t\t\t<\/div>\n\t\t\t\t<\/div>\n\t\t\t\t\t<\/div>\n\t\t\t\t<\/div>\n\t\t<div class=\"elementor-element elementor-element-b8991d5 e-flex e-con-boxed e-con e-parent\" data-id=\"b8991d5\" data-element_type=\"container\" data-e-type=\"container\">\n\t\t\t\t\t<div class=\"e-con-inner\">\n\t\t\t\t<div class=\"elementor-element elementor-element-dd1c68b elementor-widget elementor-widget-spacer\" data-id=\"dd1c68b\" data-element_type=\"widget\" data-e-type=\"widget\" data-widget_type=\"spacer.default\">\n\t\t\t\t<div class=\"elementor-widget-container\">\n\t\t\t\t\t\t\t<div class=\"elementor-spacer\">\n\t\t\t<div class=\"elementor-spacer-inner\"><\/div>\n\t\t<\/div>\n\t\t\t\t\t\t<\/div>\n\t\t\t\t<\/div>\n\t\t\t\t\t<\/div>\n\t\t\t\t<\/div>\n\t\t\t\t<\/div>\n\t\t","protected":false},"excerpt":{"rendered":"<div class=\"entry-summary\">\n<div class=\"entry-summary\">\nLIBRER\u00cdA ISADORA ELOGIO DE UN ESPACIO LIBRER\u00cdA ISADORA &#8211; EXTERIOR Ferran Cremades&hellip;\n<\/div>\n<div class=\"link-more\"><a href=\"https:\/\/ferrancremades.es\/index.php\/art__cultura\/elogio-de-un-espacio\/\" class=\"more-link\">Seguir leyendo<span class=\"screen-reader-text\"> &ldquo;4.3.1 Elogio de un Espacio&rdquo;<\/span>&hellip;<\/a><\/div>\n<\/div>\n<div class=\"link-more\"><a href=\"https:\/\/ferrancremades.es\/index.php\/art__cultura\/elogio-de-un-espacio\/\" class=\"more-link\">Seguir leyendo<span class=\"screen-reader-text\"> &ldquo;4.3.1 Elogio de un Espacio&rdquo;<\/span>&hellip;<\/a><\/div>\n","protected":false},"author":1,"featured_media":0,"parent":2811,"menu_order":0,"comment_status":"closed","ping_status":"closed","template":"elementor_header_footer","meta":{"_acf_changed":false,"_monsterinsights_skip_tracking":false,"_monsterinsights_sitenote_active":false,"_monsterinsights_sitenote_note":"","_monsterinsights_sitenote_category":0,"_joinchat":[],"footnotes":""},"class_list":["post-4009","page","type-page","status-publish","hentry","entry"],"acf":[],"aioseo_notices":[],"_links":{"self":[{"href":"https:\/\/ferrancremades.es\/index.php\/wp-json\/wp\/v2\/pages\/4009","targetHints":{"allow":["GET"]}}],"collection":[{"href":"https:\/\/ferrancremades.es\/index.php\/wp-json\/wp\/v2\/pages"}],"about":[{"href":"https:\/\/ferrancremades.es\/index.php\/wp-json\/wp\/v2\/types\/page"}],"author":[{"embeddable":true,"href":"https:\/\/ferrancremades.es\/index.php\/wp-json\/wp\/v2\/users\/1"}],"replies":[{"embeddable":true,"href":"https:\/\/ferrancremades.es\/index.php\/wp-json\/wp\/v2\/comments?post=4009"}],"version-history":[{"count":16,"href":"https:\/\/ferrancremades.es\/index.php\/wp-json\/wp\/v2\/pages\/4009\/revisions"}],"predecessor-version":[{"id":4032,"href":"https:\/\/ferrancremades.es\/index.php\/wp-json\/wp\/v2\/pages\/4009\/revisions\/4032"}],"up":[{"embeddable":true,"href":"https:\/\/ferrancremades.es\/index.php\/wp-json\/wp\/v2\/pages\/2811"}],"wp:attachment":[{"href":"https:\/\/ferrancremades.es\/index.php\/wp-json\/wp\/v2\/media?parent=4009"}],"curies":[{"name":"wp","href":"https:\/\/api.w.org\/{rel}","templated":true}]}}