{"id":3767,"date":"2024-08-27T18:54:51","date_gmt":"2024-08-27T18:54:51","guid":{"rendered":"https:\/\/ferrancremades.es\/?page_id=3767"},"modified":"2024-09-02T10:37:44","modified_gmt":"2024-09-02T08:37:44","slug":"4-1-6-rose-bracke","status":"publish","type":"page","link":"https:\/\/ferrancremades.es\/index.php\/art__cultura\/4-1-6-rose-bracke\/","title":{"rendered":"4.1.6 Rose Bracke"},"content":{"rendered":"\t\t<div data-elementor-type=\"wp-page\" data-elementor-id=\"3767\" class=\"elementor elementor-3767\">\n\t\t\t\t<div class=\"elementor-element elementor-element-771cb9c7 e-flex e-con-boxed e-con e-parent\" data-id=\"771cb9c7\" data-element_type=\"container\" data-e-type=\"container\">\n\t\t\t\t\t<div class=\"e-con-inner\">\n\t\t\t\t<div class=\"elementor-element elementor-element-af82e89 elementor-widget elementor-widget-text-editor\" data-id=\"af82e89\" data-element_type=\"widget\" data-e-type=\"widget\" data-widget_type=\"text-editor.default\">\n\t\t\t\t<div class=\"elementor-widget-container\">\n\t\t\t\t\t\t\t\t\t<p style=\"text-align: center;\"><em><strong>Rose Bracke<br \/><\/strong><\/em><\/p>\t\t\t\t\t\t\t\t<\/div>\n\t\t\t\t<\/div>\n\t\t\t\t<div class=\"elementor-element elementor-element-7e7a124 elementor-widget elementor-widget-text-editor\" data-id=\"7e7a124\" data-element_type=\"widget\" data-e-type=\"widget\" data-widget_type=\"text-editor.default\">\n\t\t\t\t<div class=\"elementor-widget-container\">\n\t\t\t\t\t\t\t\t\t<h3 style=\"text-align: center;\"><strong>INT\u00c9RIEUR BLEU<\/strong><\/h3>\t\t\t\t\t\t\t\t<\/div>\n\t\t\t\t<\/div>\n\t\t<div class=\"elementor-element elementor-element-ddef779 e-con-full e-flex e-con e-child\" data-id=\"ddef779\" data-element_type=\"container\" data-e-type=\"container\">\n\t\t\t\t<div class=\"elementor-element elementor-element-8f507e4 elementor-widget elementor-widget-image\" data-id=\"8f507e4\" data-element_type=\"widget\" data-e-type=\"widget\" data-widget_type=\"image.default\">\n\t\t\t\t<div class=\"elementor-widget-container\">\n\t\t\t\t\t\t\t\t\t\t\t\t<figure class=\"wp-caption\">\n\t\t\t\t\t\t\t\t\t\t<img fetchpriority=\"high\" decoding=\"async\" width=\"770\" height=\"1024\" src=\"https:\/\/ferrancremades.es\/wp-content\/uploads\/2024\/08\/Rose-Bracke-01-770x1024.jpg\" class=\"attachment-large size-large wp-image-3769\" alt=\"\" srcset=\"https:\/\/ferrancremades.es\/wp-content\/uploads\/2024\/08\/Rose-Bracke-01-770x1024.jpg 770w, https:\/\/ferrancremades.es\/wp-content\/uploads\/2024\/08\/Rose-Bracke-01-226x300.jpg 226w, https:\/\/ferrancremades.es\/wp-content\/uploads\/2024\/08\/Rose-Bracke-01-768x1021.jpg 768w, https:\/\/ferrancremades.es\/wp-content\/uploads\/2024\/08\/Rose-Bracke-01-1155x1536.jpg 1155w, https:\/\/ferrancremades.es\/wp-content\/uploads\/2024\/08\/Rose-Bracke-01-e1724785726518.jpg 800w\" sizes=\"(max-width: 770px) 100vw, 770px\" \/>\t\t\t\t\t\t\t\t\t\t\t<figcaption class=\"widget-image-caption wp-caption-text\"><\/figcaption>\n\t\t\t\t\t\t\t\t\t\t<\/figure>\n\t\t\t\t\t\t\t\t\t<\/div>\n\t\t\t\t<\/div>\n\t\t\t\t<div class=\"elementor-element elementor-element-5293033 elementor-widget elementor-widget-text-editor\" data-id=\"5293033\" data-element_type=\"widget\" data-e-type=\"widget\" data-widget_type=\"text-editor.default\">\n\t\t\t\t<div class=\"elementor-widget-container\">\n\t\t\t\t\t\t\t\t\t<p style=\"text-align: center;\"><strong>Ferran Cremades i Arlandis<\/strong><\/p>\t\t\t\t\t\t\t\t<\/div>\n\t\t\t\t<\/div>\n\t\t\t\t<div class=\"elementor-element elementor-element-cd78340 elementor-widget elementor-widget-text-editor\" data-id=\"cd78340\" data-element_type=\"widget\" data-e-type=\"widget\" data-widget_type=\"text-editor.default\">\n\t\t\t\t<div class=\"elementor-widget-container\">\n\t\t\t\t\t\t\t\t\t<h3 style=\"text-align: center;\"><strong>INT\u00c9RIEUR BLEU<\/strong><\/h3>\t\t\t\t\t\t\t\t<\/div>\n\t\t\t\t<\/div>\n\t\t\t\t<\/div>\n\t\t\t\t<div class=\"elementor-element elementor-element-cd1e983 elementor-widget elementor-widget-text-editor\" data-id=\"cd1e983\" data-element_type=\"widget\" data-e-type=\"widget\" data-widget_type=\"text-editor.default\">\n\t\t\t\t<div class=\"elementor-widget-container\">\n\t\t\t\t\t\t\t\t\t<h3 style=\"text-align: left;\"><strong>I <br \/><\/strong><\/h3>\t\t\t\t\t\t\t\t<\/div>\n\t\t\t\t<\/div>\n\t\t\t\t<div class=\"elementor-element elementor-element-581b5bd elementor-widget elementor-widget-text-editor\" data-id=\"581b5bd\" data-element_type=\"widget\" data-e-type=\"widget\" data-widget_type=\"text-editor.default\">\n\t\t\t\t<div class=\"elementor-widget-container\">\n\t\t\t\t\t\t\t\t\t<p style=\"text-align: justify;\">Un bruit assourdissant se fait entendre. Peut-\u00eatre le vent a ferm\u00e9 la porte de l\u2019atelier.\u00a0L\u2019ombre d\u00e9vore la lumi\u00e8re. La montagne et la mer ont disparu. On sent le parfum d&#8217;une fleur inconnue qui allume le c\u0153ur.<\/p><p style=\"text-align: justify;\">Brusquement on entend le grincement d\u2019une porte qui s\u2019ouvre sur la beaut\u00e9 d\u2019un monde int\u00e9rieur. Une porte qui \u00e9tait l\u00e0 d\u00e8s le jour de notre naissance et que l&#8217;on n&#8217;avait jamais d\u00e9couverte.<\/p><p style=\"text-align: justify;\">C\u2019est l\u2019\u00e2me qui gu\u00e9rit toutes nos blessures. On habite un temps de d\u00e9chirures et d\u2019architectures anciennes qui s\u2019effondrent. Le bleu et le noir permettent d\u2019exprimer des sentiments log\u00e9s dans nos \u00e2mes.<\/p><p style=\"text-align: justify;\">Ce sont des couleurs qui rendent visibles l\u2019invisible. Nos pens\u00e9es se nourrissent des mati\u00e8res avec lesquelles on dessine l\u2019architecture int\u00e9rieure de nos r\u00eaves.<\/p><p style=\"text-align: justify;\">L\u2019artiste a donn\u00e9 un coup de pinceau rugueux. On voit dans la toile une tache bleue. Une blessure qui au fil du temps deviendra une empreinte.<\/p>\t\t\t\t\t\t\t\t<\/div>\n\t\t\t\t<\/div>\n\t\t<div class=\"elementor-element elementor-element-ca53925 e-grid e-con-full e-con e-child\" data-id=\"ca53925\" data-element_type=\"container\" data-e-type=\"container\">\n\t\t\t\t<div class=\"elementor-element elementor-element-c95cab9 elementor-widget elementor-widget-image\" data-id=\"c95cab9\" data-element_type=\"widget\" data-e-type=\"widget\" data-widget_type=\"image.default\">\n\t\t\t\t<div class=\"elementor-widget-container\">\n\t\t\t\t\t\t\t\t\t\t\t\t\t\t\t<img decoding=\"async\" src=\"https:\/\/ferrancremades.es\/wp-content\/uploads\/elementor\/thumbs\/Rose-Bracke-02-e1724833786151-qt9lcckqk3at4evipybl73wz4huvfwhvw8xl1v57bc.jpg\" title=\"Rose Bracke 02\" alt=\"Rose Bracke 02\" loading=\"lazy\" \/>\t\t\t\t\t\t\t\t\t\t\t\t\t\t\t<\/div>\n\t\t\t\t<\/div>\n\t\t\t\t<div class=\"elementor-element elementor-element-49ac9b7 elementor-widget elementor-widget-image\" data-id=\"49ac9b7\" data-element_type=\"widget\" data-e-type=\"widget\" data-widget_type=\"image.default\">\n\t\t\t\t<div class=\"elementor-widget-container\">\n\t\t\t\t\t\t\t\t\t\t\t\t\t\t\t<img decoding=\"async\" src=\"https:\/\/ferrancremades.es\/wp-content\/uploads\/elementor\/thumbs\/Rose-Bracke-03-e1724833839934-qt9ldqe6mb6tgo553y3aybbi2y5c948khuhu0nje9q.jpg\" title=\"Rose Bracke 03\" alt=\"Rose Bracke 03\" loading=\"lazy\" \/>\t\t\t\t\t\t\t\t\t\t\t\t\t\t\t<\/div>\n\t\t\t\t<\/div>\n\t\t\t\t<\/div>\n\t\t\t\t<div class=\"elementor-element elementor-element-1193242 elementor-widget elementor-widget-text-editor\" data-id=\"1193242\" data-element_type=\"widget\" data-e-type=\"widget\" data-widget_type=\"text-editor.default\">\n\t\t\t\t<div class=\"elementor-widget-container\">\n\t\t\t\t\t\t\t\t\t<h3 style=\"text-align: left;\"><strong>II<br \/><\/strong><\/h3>\t\t\t\t\t\t\t\t<\/div>\n\t\t\t\t<\/div>\n\t\t\t\t<div class=\"elementor-element elementor-element-93b8030 elementor-widget elementor-widget-text-editor\" data-id=\"93b8030\" data-element_type=\"widget\" data-e-type=\"widget\" data-widget_type=\"text-editor.default\">\n\t\t\t\t<div class=\"elementor-widget-container\">\n\t\t\t\t\t\t\t\t\t<p style=\"text-align: justify;\">L\u2019artiste garde dans son c\u0153ur l\u2019empreinte du p\u00e8re, son r\u00eave de peindre la lumi\u00e8re. Les souvenirs de son enfance sont couverts de grandes peintures abstraites color\u00e9es.<\/p><p style=\"text-align: justify;\">Si son d\u00e9sir allait vers l\u2019architecture, c\u2019est finalement sur les traces de son p\u00e8re, artiste peintre, qu\u2019elle s\u2019est aventur\u00e9e.<\/p><p style=\"text-align: justify;\">Plus tard, la peinture de C\u00e9zanne l\u2019a profond\u00e9ment boulevers\u00e9e. Des taches de couleurs organisent l\u2019ombre et la lumi\u00e8re pour faire surgir une forme, une pomme, un visage, un paysage.<\/p><p style=\"text-align: justify;\">Dans sa peinture, elle apprend \u00e0 se lancer dans l\u2019inconnu. \u00c0 accueillir ce qui surgit. Dans les trac\u00e9s, on per\u00e7oit parfois le battement du c\u0153ur. Les traits les plus fragiles nous \u00e9loignent de la ma\u00eetrise, en m\u00eame temps qu\u2019ils nous rapprochent de la beaut\u00e9.<\/p><p style=\"text-align: justify;\">La lumi\u00e8re du coucher du soleil a plong\u00e9 trop t\u00f4t dans l\u2019horizon. Il y a un brouillard bleu noir. Les r\u00eaves voguent sur une mer sombre et sans flots, aussi muette qu\u2019imp\u00e9n\u00e9trable.<\/p>\t\t\t\t\t\t\t\t<\/div>\n\t\t\t\t<\/div>\n\t\t<div class=\"elementor-element elementor-element-78a9b96 e-grid e-con-full e-con e-child\" data-id=\"78a9b96\" data-element_type=\"container\" data-e-type=\"container\">\n\t\t\t\t<div class=\"elementor-element elementor-element-15f5bc8 elementor-widget elementor-widget-image\" data-id=\"15f5bc8\" data-element_type=\"widget\" data-e-type=\"widget\" data-widget_type=\"image.default\">\n\t\t\t\t<div class=\"elementor-widget-container\">\n\t\t\t\t\t\t\t\t\t\t\t\t\t\t\t<img decoding=\"async\" src=\"https:\/\/ferrancremades.es\/wp-content\/uploads\/elementor\/thumbs\/Rose-Bracke-04-e1724834082862-qt9lk2syr1va9didk1ifq6meouuku6slt26top46to.jpg\" title=\"Rose Bracke 04\" alt=\"Rose Bracke 04\" loading=\"lazy\" \/>\t\t\t\t\t\t\t\t\t\t\t\t\t\t\t<\/div>\n\t\t\t\t<\/div>\n\t\t\t\t<div class=\"elementor-element elementor-element-d83e987 elementor-widget elementor-widget-image\" data-id=\"d83e987\" data-element_type=\"widget\" data-e-type=\"widget\" data-widget_type=\"image.default\">\n\t\t\t\t<div class=\"elementor-widget-container\">\n\t\t\t\t\t\t\t\t\t\t\t\t\t\t\t<img decoding=\"async\" src=\"https:\/\/ferrancremades.es\/wp-content\/uploads\/elementor\/thumbs\/Rose-Bracke-05-e1724834132877-qt9lldsw8rny93o71q9eqkqv0jwyv9q2k571nnd6ts.jpg\" title=\"Rose Bracke 05\" alt=\"Rose Bracke 05\" loading=\"lazy\" \/>\t\t\t\t\t\t\t\t\t\t\t\t\t\t\t<\/div>\n\t\t\t\t<\/div>\n\t\t\t\t<\/div>\n\t\t\t\t<div class=\"elementor-element elementor-element-ff772a9 elementor-widget elementor-widget-text-editor\" data-id=\"ff772a9\" data-element_type=\"widget\" data-e-type=\"widget\" data-widget_type=\"text-editor.default\">\n\t\t\t\t<div class=\"elementor-widget-container\">\n\t\t\t\t\t\t\t\t\t<h3 style=\"text-align: left;\"><strong>III<br \/><\/strong><\/h3>\t\t\t\t\t\t\t\t<\/div>\n\t\t\t\t<\/div>\n\t\t\t\t<div class=\"elementor-element elementor-element-3903e83 elementor-widget elementor-widget-text-editor\" data-id=\"3903e83\" data-element_type=\"widget\" data-e-type=\"widget\" data-widget_type=\"text-editor.default\">\n\t\t\t\t<div class=\"elementor-widget-container\">\n\t\t\t\t\t\t\t\t\t<p style=\"text-align: justify;\">Apr\u00e8s quelques ann\u00e9es de peinture \u00e0 l\u2019huile, l\u2019artiste a ressenti le besoin de rechercher d&#8217;autres outils que les brosses et les pinceaux.<\/p><p style=\"text-align: justify;\">La passion pour le monotype a induit une nouvelle appr\u00e9hension de l\u2019espace, un autre rythme, d\u2019autres gestes. Le travail de l\u2019encre lui a permis de d\u00e9couvrir la lumi\u00e8re intrins\u00e8que au noir.<\/p><p style=\"text-align: justify;\">Sur la surface blanche du papier, l\u2019artiste construit une architecture avec des zones d\u2019ombre et de lumi\u00e8re. Un espace appel\u00e9 Int\u00e9rieur Bleu. L\u2019artiste renoue ainsi avec son d\u00e9sir ancien de devenir architecte.<\/p><p style=\"text-align: justify;\">L\u2019\u00e2me de celui qui peint et l\u2019\u00e2me de celui qui regarde le tableau convergent dans l\u2019Int\u00e9rieur Bleu. Une rencontre fortuite qui deviendra une r\u00e9v\u00e9lation. Seuls les regards en qu\u00eate de silence se remplissent d\u2019une lumi\u00e8re qui efface la surface et cache la profondeur.<\/p><p style=\"text-align: justify;\">Le miroir du ciel devient un mirage. Le tableau se nourrit et grandit avec le regard de l\u2019autre. Il y a dans le noir une lumi\u00e8re \u00e9blouissante qui n\u2019appartient pas \u00e0 ce monde.<\/p>\t\t\t\t\t\t\t\t<\/div>\n\t\t\t\t<\/div>\n\t\t<div class=\"elementor-element elementor-element-cf0936b e-grid e-con-full e-con e-child\" data-id=\"cf0936b\" data-element_type=\"container\" data-e-type=\"container\">\n\t\t\t\t<div class=\"elementor-element elementor-element-29c02a4 elementor-widget elementor-widget-image\" data-id=\"29c02a4\" data-element_type=\"widget\" data-e-type=\"widget\" data-widget_type=\"image.default\">\n\t\t\t\t<div class=\"elementor-widget-container\">\n\t\t\t\t\t\t\t\t\t\t\t\t\t\t\t<img decoding=\"async\" src=\"https:\/\/ferrancremades.es\/wp-content\/uploads\/elementor\/thumbs\/Rose-Bracke-06-e1724834330550-qt9lqjwxtyqmu1dyysiqvxnbrtvrssqc1z34r5uucw.jpg\" title=\"Rose Bracke 06\" alt=\"Rose Bracke 06\" loading=\"lazy\" \/>\t\t\t\t\t\t\t\t\t\t\t\t\t\t\t<\/div>\n\t\t\t\t<\/div>\n\t\t\t\t<div class=\"elementor-element elementor-element-55eb258 elementor-widget elementor-widget-image\" data-id=\"55eb258\" data-element_type=\"widget\" data-e-type=\"widget\" data-widget_type=\"image.default\">\n\t\t\t\t<div class=\"elementor-widget-container\">\n\t\t\t\t\t\t\t\t\t\t\t\t\t\t\t<img decoding=\"async\" src=\"https:\/\/ferrancremades.es\/wp-content\/uploads\/elementor\/thumbs\/Rose-Bracke-07-e1724834404433-qt9lshgzvpds1fbs0qk4ax8ja55scu1m8zg57cqrhq.jpg\" title=\"Rose Bracke 07\" alt=\"Rose Bracke 07\" loading=\"lazy\" \/>\t\t\t\t\t\t\t\t\t\t\t\t\t\t\t<\/div>\n\t\t\t\t<\/div>\n\t\t\t\t<\/div>\n\t\t\t\t<div class=\"elementor-element elementor-element-ae72a29 elementor-widget elementor-widget-text-editor\" data-id=\"ae72a29\" data-element_type=\"widget\" data-e-type=\"widget\" data-widget_type=\"text-editor.default\">\n\t\t\t\t<div class=\"elementor-widget-container\">\n\t\t\t\t\t\t\t\t\t<h3 style=\"text-align: left;\"><strong>IV<br \/><\/strong><\/h3>\t\t\t\t\t\t\t\t<\/div>\n\t\t\t\t<\/div>\n\t\t\t\t<div class=\"elementor-element elementor-element-972f908 elementor-widget elementor-widget-text-editor\" data-id=\"972f908\" data-element_type=\"widget\" data-e-type=\"widget\" data-widget_type=\"text-editor.default\">\n\t\t\t\t<div class=\"elementor-widget-container\">\n\t\t\t\t\t\t\t\t\t<p style=\"text-align: justify;\">Tous les jours, l\u2019artiste aspire \u00e0 se retrouver dans son atelier. Une maison ancienne dans la montagne avec vue sur la mer. Par la fen\u00eatre de son atelier, l\u2019artiste regarde les lumi\u00e8res et les ombres qui se r\u00e9pandent partout et deviennent touches de couleur.<\/p><p style=\"text-align: justify;\">\u00c0 la tomb\u00e9e de la nuit, elle aper\u00e7oit le ciel comme une toile bleue fonc\u00e9e, presque noire. Le temps s\u2019est arr\u00eat\u00e9. Elle commence \u00e0 peindre ses tableaux \u00e0 l\u2019aube, lorsqu\u2019elle brise la surface \u00e9tincelante de la mer.<\/p><p style=\"text-align: justify;\">Plonger dans l\u2019Int\u00e9rieur Bleu c\u2019est dispara\u00eetre dans l\u2019infini, o\u00f9 le temps et l\u2019espace n\u2019ont pas de place. Des volumes perdent leur gravit\u00e9 et des rythmes deviennent des flottements imperceptibles.<\/p><p style=\"text-align: justify;\">On ressent alors une intrigue insoup\u00e7onn\u00e9e. C\u2019est une recherche qui ne se termine qu\u2019avec le dernier geste. La derni\u00e8re empreinte d\u2019un long chemin.<\/p>\t\t\t\t\t\t\t\t<\/div>\n\t\t\t\t<\/div>\n\t\t\t\t<div class=\"elementor-element elementor-element-97e0a10 elementor-widget elementor-widget-text-editor\" data-id=\"97e0a10\" data-element_type=\"widget\" data-e-type=\"widget\" data-widget_type=\"text-editor.default\">\n\t\t\t\t<div class=\"elementor-widget-container\">\n\t\t\t\t\t\t\t\t\t<p><strong>NO\u00a0 WORDS<br \/><\/strong><\/p>\t\t\t\t\t\t\t\t<\/div>\n\t\t\t\t<\/div>\n\t\t\t\t<div class=\"elementor-element elementor-element-404184f elementor-widget elementor-widget-image\" data-id=\"404184f\" data-element_type=\"widget\" data-e-type=\"widget\" data-widget_type=\"image.default\">\n\t\t\t\t<div class=\"elementor-widget-container\">\n\t\t\t\t\t\t\t\t\t\t\t\t\t\t\t<img decoding=\"async\" src=\"https:\/\/ferrancremades.es\/wp-content\/uploads\/elementor\/thumbs\/Rose-Bracke-08-e1724834622204-qt9ly6dt9l6ghe9f30qiyma0wan2cm8gh7bcfk9fiy.jpg\" title=\"Rose Bracke 08\" alt=\"Rose Bracke 08\" loading=\"lazy\" \/>\t\t\t\t\t\t\t\t\t\t\t\t\t\t\t<\/div>\n\t\t\t\t<\/div>\n\t\t\t\t<div class=\"elementor-element elementor-element-f2f74e4 elementor-widget elementor-widget-text-editor\" data-id=\"f2f74e4\" data-element_type=\"widget\" data-e-type=\"widget\" data-widget_type=\"text-editor.default\">\n\t\t\t\t<div class=\"elementor-widget-container\">\n\t\t\t\t\t\t\t\t\t<p style=\"text-align: justify;\">On n\u2019\u00e9crit pas seulement avec des mots. On \u00e9crit avec le souffle de notre bouche \u00e0 la surface d\u2019un lac imaginaire \u00e0 la tomb\u00e9e de la nuit. Ou avec le souffle de notre bouche \u00e0 la surface d&#8217;un \u00e9cran pour r\u00e9v\u00e9ler le visage de notre \u00eatre bien-aim\u00e9. On n\u2019\u00e9crit pas seulement avec des mots. On \u00e9crit avec nos mains caressant une pomme avant de la mordre. Ou avec nos doigts grattant l&#8217;\u00e9corce de la nuit \u00a0pour trouver une boule de lumi\u00e8re. On n\u2019\u00e9crit pas seulement avec des mots. On \u00e9crit avec les pieds nus en marchant le long du rivage d&#8217;une mer sombre. Ou avec les yeux apercevant un horizon qui devient infini. On n\u2019\u00e9crit pas seulement avec des mots. D\u00e8s le jour privil\u00e9gi\u00e9 de notre naissance, on \u00e9crit avec les battements de notre c\u0153ur. Les jours de joie et d\u2019\u00e9merveillement et les jours d\u2019\u00e9preuves insurmontables on \u00e9crit avec le silence.<\/p>\t\t\t\t\t\t\t\t<\/div>\n\t\t\t\t<\/div>\n\t\t\t\t<div class=\"elementor-element elementor-element-7bd625d elementor-widget elementor-widget-text-editor\" data-id=\"7bd625d\" data-element_type=\"widget\" data-e-type=\"widget\" data-widget_type=\"text-editor.default\">\n\t\t\t\t<div class=\"elementor-widget-container\">\n\t\t\t\t\t\t\t\t\t<p><strong>ON THE SURFACE<br \/><\/strong><\/p>\t\t\t\t\t\t\t\t<\/div>\n\t\t\t\t<\/div>\n\t\t\t\t<div class=\"elementor-element elementor-element-e76b761 elementor-widget elementor-widget-text-editor\" data-id=\"e76b761\" data-element_type=\"widget\" data-e-type=\"widget\" data-widget_type=\"text-editor.default\">\n\t\t\t\t<div class=\"elementor-widget-container\">\n\t\t\t\t\t\t\t\t\t<p style=\"text-align: justify;\">Sur la surface de la toile, la lumi\u00e8re tisse une trame d\u2019empreintes invisibles et de silence, un chevauchement de paysages d\u00e9j\u00e0 effac\u00e9s de la m\u00e9moire, un mouvement imperceptible de portes qui s\u2019ouvrent et se ferment, un regard de visages voil\u00e9s qui cachent la profondeur d\u2019une v\u00e9rit\u00e9 non r\u00e9v\u00e9l\u00e9e.<\/p>\t\t\t\t\t\t\t\t<\/div>\n\t\t\t\t<\/div>\n\t\t\t\t<div class=\"elementor-element elementor-element-3158fe8 elementor-widget elementor-widget-image\" data-id=\"3158fe8\" data-element_type=\"widget\" data-e-type=\"widget\" data-widget_type=\"image.default\">\n\t\t\t\t<div class=\"elementor-widget-container\">\n\t\t\t\t\t\t\t\t\t\t\t\t\t\t\t<img decoding=\"async\" width=\"1020\" height=\"765\" src=\"https:\/\/ferrancremades.es\/wp-content\/uploads\/2024\/08\/Rose-Bracke-Atelier-1024x768.jpg\" class=\"attachment-large size-large wp-image-3777\" alt=\"\" srcset=\"https:\/\/ferrancremades.es\/wp-content\/uploads\/2024\/08\/Rose-Bracke-Atelier-1024x768.jpg 1024w, https:\/\/ferrancremades.es\/wp-content\/uploads\/2024\/08\/Rose-Bracke-Atelier-300x225.jpg 300w, https:\/\/ferrancremades.es\/wp-content\/uploads\/2024\/08\/Rose-Bracke-Atelier-768x576.jpg 768w, https:\/\/ferrancremades.es\/wp-content\/uploads\/2024\/08\/Rose-Bracke-Atelier-1536x1152.jpg 1536w, https:\/\/ferrancremades.es\/wp-content\/uploads\/2024\/08\/Rose-Bracke-Atelier-e1724834723664.jpg 800w\" sizes=\"(max-width: 1020px) 100vw, 1020px\" \/>\t\t\t\t\t\t\t\t\t\t\t\t\t\t\t<\/div>\n\t\t\t\t<\/div>\n\t\t\t\t<div class=\"elementor-element elementor-element-8d70ddf elementor-widget elementor-widget-text-editor\" data-id=\"8d70ddf\" data-element_type=\"widget\" data-e-type=\"widget\" data-widget_type=\"text-editor.default\">\n\t\t\t\t<div class=\"elementor-widget-container\">\n\t\t\t\t\t\t\t\t\t<p style=\"text-align: right;\"><strong>Ferran CREMADES I ARLANDIS.<\/strong><br \/><strong>Cit\u00e9 Jardin AUSIAS MARCH, Printemps 2021<\/strong><\/p>\t\t\t\t\t\t\t\t<\/div>\n\t\t\t\t<\/div>\n\t\t\t\t<div class=\"elementor-element elementor-element-941f200 elementor-align-center elementor-widget elementor-widget-button\" data-id=\"941f200\" data-element_type=\"widget\" data-e-type=\"widget\" data-widget_type=\"button.default\">\n\t\t\t\t<div class=\"elementor-widget-container\">\n\t\t\t\t\t\t\t\t\t<div class=\"elementor-button-wrapper\">\n\t\t\t\t\t<a class=\"elementor-button elementor-button-link elementor-size-sm\" href=\"https:\/\/ferrancremades.es\/wp-content\/uploads\/2024\/08\/CAHIER-INTERIEUR-BLEU-Rose-Bracke.pdf\" target=\"_blank\">\n\t\t\t\t\t\t<span class=\"elementor-button-content-wrapper\">\n\t\t\t\t\t\t\t\t\t<span class=\"elementor-button-text\">Version PDF<\/span>\n\t\t\t\t\t<\/span>\n\t\t\t\t\t<\/a>\n\t\t\t\t<\/div>\n\t\t\t\t\t\t\t\t<\/div>\n\t\t\t\t<\/div>\n\t\t\t\t\t<\/div>\n\t\t\t\t<\/div>\n\t\t<div class=\"elementor-element elementor-element-b8991d5 e-flex e-con-boxed e-con e-parent\" data-id=\"b8991d5\" data-element_type=\"container\" data-e-type=\"container\">\n\t\t\t\t\t<div class=\"e-con-inner\">\n\t\t\t\t<div class=\"elementor-element elementor-element-dd1c68b elementor-widget elementor-widget-spacer\" data-id=\"dd1c68b\" data-element_type=\"widget\" data-e-type=\"widget\" data-widget_type=\"spacer.default\">\n\t\t\t\t<div class=\"elementor-widget-container\">\n\t\t\t\t\t\t\t<div class=\"elementor-spacer\">\n\t\t\t<div class=\"elementor-spacer-inner\"><\/div>\n\t\t<\/div>\n\t\t\t\t\t\t<\/div>\n\t\t\t\t<\/div>\n\t\t\t\t\t<\/div>\n\t\t\t\t<\/div>\n\t\t\t\t<\/div>\n\t\t","protected":false},"excerpt":{"rendered":"<div class=\"entry-summary\">\n<div class=\"entry-summary\">\nRose Bracke INT\u00c9RIEUR BLEU Ferran Cremades i Arlandis INT\u00c9RIEUR BLEU I Un&hellip;\n<\/div>\n<div class=\"link-more\"><a href=\"https:\/\/ferrancremades.es\/index.php\/art__cultura\/4-1-6-rose-bracke\/\" class=\"more-link\">Seguir leyendo<span class=\"screen-reader-text\"> &ldquo;4.1.6 Rose Bracke&rdquo;<\/span>&hellip;<\/a><\/div>\n<\/div>\n<div class=\"link-more\"><a href=\"https:\/\/ferrancremades.es\/index.php\/art__cultura\/4-1-6-rose-bracke\/\" class=\"more-link\">Seguir leyendo<span class=\"screen-reader-text\"> &ldquo;4.1.6 Rose Bracke&rdquo;<\/span>&hellip;<\/a><\/div>\n","protected":false},"author":1,"featured_media":0,"parent":2811,"menu_order":0,"comment_status":"closed","ping_status":"closed","template":"elementor_header_footer","meta":{"_acf_changed":false,"_monsterinsights_skip_tracking":false,"_monsterinsights_sitenote_active":false,"_monsterinsights_sitenote_note":"","_monsterinsights_sitenote_category":0,"_joinchat":[],"footnotes":""},"class_list":["post-3767","page","type-page","status-publish","hentry","entry"],"acf":[],"aioseo_notices":[],"_links":{"self":[{"href":"https:\/\/ferrancremades.es\/index.php\/wp-json\/wp\/v2\/pages\/3767","targetHints":{"allow":["GET"]}}],"collection":[{"href":"https:\/\/ferrancremades.es\/index.php\/wp-json\/wp\/v2\/pages"}],"about":[{"href":"https:\/\/ferrancremades.es\/index.php\/wp-json\/wp\/v2\/types\/page"}],"author":[{"embeddable":true,"href":"https:\/\/ferrancremades.es\/index.php\/wp-json\/wp\/v2\/users\/1"}],"replies":[{"embeddable":true,"href":"https:\/\/ferrancremades.es\/index.php\/wp-json\/wp\/v2\/comments?post=3767"}],"version-history":[{"count":28,"href":"https:\/\/ferrancremades.es\/index.php\/wp-json\/wp\/v2\/pages\/3767\/revisions"}],"predecessor-version":[{"id":4587,"href":"https:\/\/ferrancremades.es\/index.php\/wp-json\/wp\/v2\/pages\/3767\/revisions\/4587"}],"up":[{"embeddable":true,"href":"https:\/\/ferrancremades.es\/index.php\/wp-json\/wp\/v2\/pages\/2811"}],"wp:attachment":[{"href":"https:\/\/ferrancremades.es\/index.php\/wp-json\/wp\/v2\/media?parent=3767"}],"curies":[{"name":"wp","href":"https:\/\/api.w.org\/{rel}","templated":true}]}}