{"id":3325,"date":"2024-08-25T17:58:30","date_gmt":"2024-08-25T17:58:30","guid":{"rendered":"https:\/\/ferrancremades.es\/?page_id=3325"},"modified":"2024-09-06T13:13:11","modified_gmt":"2024-09-06T11:13:11","slug":"la-regina-de-la-pobla","status":"publish","type":"page","link":"https:\/\/ferrancremades.es\/index.php\/bibliografia\/la-regina-de-la-pobla\/","title":{"rendered":"3.4.2 La Regina de la Pobla"},"content":{"rendered":"\t\t<div data-elementor-type=\"wp-page\" data-elementor-id=\"3325\" class=\"elementor elementor-3325\">\n\t\t\t\t<div class=\"elementor-element elementor-element-3e536ebe e-flex e-con-boxed e-con e-parent\" data-id=\"3e536ebe\" data-element_type=\"container\" data-e-type=\"container\">\n\t\t\t\t\t<div class=\"e-con-inner\">\n\t\t\t\t<div class=\"elementor-element elementor-element-1af12ab elementor-widget elementor-widget-image\" data-id=\"1af12ab\" data-element_type=\"widget\" data-e-type=\"widget\" data-widget_type=\"image.default\">\n\t\t\t\t<div class=\"elementor-widget-container\">\n\t\t\t\t\t\t\t\t\t\t\t\t\t\t\t<img fetchpriority=\"high\" decoding=\"async\" width=\"600\" height=\"300\" src=\"https:\/\/ferrancremades.es\/wp-content\/uploads\/2024\/08\/Novela_en_Valencia.jpg\" class=\"attachment-large size-large wp-image-2770\" alt=\"\" srcset=\"https:\/\/ferrancremades.es\/wp-content\/uploads\/2024\/08\/Novela_en_Valencia.jpg 600w, https:\/\/ferrancremades.es\/wp-content\/uploads\/2024\/08\/Novela_en_Valencia-300x150.jpg 300w\" sizes=\"(max-width: 600px) 100vw, 600px\" \/>\t\t\t\t\t\t\t\t\t\t\t\t\t\t\t<\/div>\n\t\t\t\t<\/div>\n\t\t\t\t<div class=\"elementor-element elementor-element-fd76c35 elementor-widget-divider--view-line elementor-widget elementor-widget-divider\" data-id=\"fd76c35\" data-element_type=\"widget\" data-e-type=\"widget\" data-widget_type=\"divider.default\">\n\t\t\t\t<div class=\"elementor-widget-container\">\n\t\t\t\t\t\t\t<div class=\"elementor-divider\">\n\t\t\t<span class=\"elementor-divider-separator\">\n\t\t\t\t\t\t<\/span>\n\t\t<\/div>\n\t\t\t\t\t\t<\/div>\n\t\t\t\t<\/div>\n\t\t\t\t<div class=\"elementor-element elementor-element-9846cc7 elementor-widget elementor-widget-text-editor\" data-id=\"9846cc7\" data-element_type=\"widget\" data-e-type=\"widget\" data-widget_type=\"text-editor.default\">\n\t\t\t\t<div class=\"elementor-widget-container\">\n\t\t\t\t\t\t\t\t\t<h4 style=\"text-align: justify;\"><strong><em>la regina de la pobla de les fembres peccadrius<\/em><\/strong><\/h4><p>Edicions 62 &#8211; 1999 &#8211; Barcelona<br \/><br \/><\/p>\t\t\t\t\t\t\t\t<\/div>\n\t\t\t\t<\/div>\n\t\t\t\t<div class=\"elementor-element elementor-element-b0a8d5d elementor-widget elementor-widget-text-editor\" data-id=\"b0a8d5d\" data-element_type=\"widget\" data-e-type=\"widget\" data-widget_type=\"text-editor.default\">\n\t\t\t\t<div class=\"elementor-widget-container\">\n\t\t\t\t\t\t\t\t\t<h4 style=\"text-align: justify;\"><strong>sinopsi<\/strong><\/h4>\t\t\t\t\t\t\t\t<\/div>\n\t\t\t\t<\/div>\n\t\t\t\t<div class=\"elementor-element elementor-element-028b5ea elementor-widget elementor-widget-text-editor\" data-id=\"028b5ea\" data-element_type=\"widget\" data-e-type=\"widget\" data-widget_type=\"text-editor.default\">\n\t\t\t\t<div class=\"elementor-widget-container\">\n\t\t\t\t\t\t\t\t\t<p style=\"text-align: justify;\">Un napolit\u00e0 ben plantat abandona el m\u00f3n de les mercaderies i abra\u00e7a la vida de joglar tot cantant amb el seu lla\u00fct les diferents estacions del viure. La pres\u00e8ncia de la deessa Fortuna, l\u2019emperadriu del m\u00f3n recrea tota la seua m\u00fasica. En un text epistolar ens \u00e9s relatat tot l\u2019esplendor d\u2019una ciutat meravellosa: la Val\u00e8ncia del segle XVI. I en veiem tamb\u00e9 la destrucci\u00f3.<\/p><p style=\"text-align: justify;\">La lux\u00faria i la Inquisici\u00f3, les sibil\u00b7les i les bruixes, les cortesanes i els sodomites, les processons i les danses, els jocs, en constitueixen l\u2019escenari. La hist\u00f2ria enriqueix la llegenda dels Borja i ens explica com una suposada filla d\u2019Alexandre VI demana al seu pare la corona del molt anomenat bordell de la ciutat de Val\u00e8ncia, que tothom coneix per la Pobla de les fembres peccadrius.<\/p><p style=\"text-align: justify;\">Un llibre ple d\u2019atractiu i un bell homenatge als nostres cl\u00e0ssics.<\/p>\t\t\t\t\t\t\t\t<\/div>\n\t\t\t\t<\/div>\n\t\t\t\t<div class=\"elementor-element elementor-element-bb67884 elementor-widget-divider--view-line elementor-widget elementor-widget-divider\" data-id=\"bb67884\" data-element_type=\"widget\" data-e-type=\"widget\" data-widget_type=\"divider.default\">\n\t\t\t\t<div class=\"elementor-widget-container\">\n\t\t\t\t\t\t\t<div class=\"elementor-divider\">\n\t\t\t<span class=\"elementor-divider-separator\">\n\t\t\t\t\t\t<\/span>\n\t\t<\/div>\n\t\t\t\t\t\t<\/div>\n\t\t\t\t<\/div>\n\t\t\t\t<div class=\"elementor-element elementor-element-f2bafbb elementor-widget elementor-widget-text-editor\" data-id=\"f2bafbb\" data-element_type=\"widget\" data-e-type=\"widget\" data-widget_type=\"text-editor.default\">\n\t\t\t\t<div class=\"elementor-widget-container\">\n\t\t\t\t\t\t\t\t\t<h4 style=\"text-align: justify;\"><strong>lectura<\/strong><\/h4>\t\t\t\t\t\t\t\t<\/div>\n\t\t\t\t<\/div>\n\t\t\t\t<div class=\"elementor-element elementor-element-f1baded elementor-widget elementor-widget-text-editor\" data-id=\"f1baded\" data-element_type=\"widget\" data-e-type=\"widget\" data-widget_type=\"text-editor.default\">\n\t\t\t\t<div class=\"elementor-widget-container\">\n\t\t\t\t\t\t\t\t\t<p class=\"prosa\" style=\"text-align: justify;\">No he volgut enviar-te la lletra\u00a0que ja havia finit, sense expressar-te la gran meravella que he viscut a la Pobla, la qual cosa faig ara. Recorda, amat Luigi, que t&#8217;escric per a contar i cantar hist\u00f2ries, que no per a provar la hist\u00f2ria.<\/p><p class=\"prosa\" style=\"text-align: justify;\">Com aquestes jornades passades he venut i molt b\u00e9, he anat a veure la Pobla de les fembres peccadrius, que des que vaig arribar-hi tenia molta curiositat per tot el que m&#8217;han dit i em diuen. La Pobla \u00e9s molt prop de la Llotja. He anat per \u00e7o com s&#8217;acostuma que els h\u00f2mens van all\u00e0 on les dones s\u00f3n, a la usan\u00e7a d&#8217;aquesta terra.<\/p>\t\t\t\t\t\t\t\t<\/div>\n\t\t\t\t<\/div>\n\t\t\t\t<div class=\"elementor-element elementor-element-452551c elementor-widget elementor-widget-image\" data-id=\"452551c\" data-element_type=\"widget\" data-e-type=\"widget\" data-widget_type=\"image.default\">\n\t\t\t\t<div class=\"elementor-widget-container\">\n\t\t\t\t\t\t\t\t\t\t\t\t\t\t\t<img decoding=\"async\" width=\"1020\" height=\"1020\" src=\"https:\/\/ferrancremades.es\/wp-content\/uploads\/2024\/08\/La-Regina-de-la-Pobla-1200-1024x1024.jpg\" class=\"attachment-large size-large wp-image-3223\" alt=\"\" srcset=\"https:\/\/ferrancremades.es\/wp-content\/uploads\/2024\/08\/La-Regina-de-la-Pobla-1200-1024x1024.jpg 1024w, https:\/\/ferrancremades.es\/wp-content\/uploads\/2024\/08\/La-Regina-de-la-Pobla-1200-300x300.jpg 300w, https:\/\/ferrancremades.es\/wp-content\/uploads\/2024\/08\/La-Regina-de-la-Pobla-1200-150x150.jpg 150w, https:\/\/ferrancremades.es\/wp-content\/uploads\/2024\/08\/La-Regina-de-la-Pobla-1200-768x768.jpg 768w, https:\/\/ferrancremades.es\/wp-content\/uploads\/2024\/08\/La-Regina-de-la-Pobla-1200.jpg 1200w\" sizes=\"(max-width: 1020px) 100vw, 1020px\" \/>\t\t\t\t\t\t\t\t\t\t\t\t\t\t\t<\/div>\n\t\t\t\t<\/div>\n\t\t\t\t<div class=\"elementor-element elementor-element-cec085f elementor-widget elementor-widget-text-editor\" data-id=\"cec085f\" data-element_type=\"widget\" data-e-type=\"widget\" data-widget_type=\"text-editor.default\">\n\t\t\t\t<div class=\"elementor-widget-container\">\n\t\t\t\t\t\t\t\t\t<p class=\"prosa\" style=\"text-align: justify;\">Encontinent a la posta del sol, no poden arborar-se o parar-se cap escala, vulgarment apel\u00b7lada de gats, per on hom puga muntar a cap terrat, essent les dites escales baixades i posades planes en terra. Les muralles des del Portal Nou al del Tintorers o del Tints Majors, clouen el bordell, fent aix\u00ed un barri tancat, edificat nom\u00e9s en petita part, car est\u00e0 prove\u00eft de molts horts. Retirat de la ciutat es troba, per tal que les fam\u00edlies anomenades honorables no tinguen necessitat de presenciar escenes immorals. \u00c9s com un palau molt ben poblat de dones. Gran, com un poble petit. Les finestres, les de m\u00e9s, s\u00f3n mores, aix\u00ed com aqu\u00ed hi ha molta moreria i grans senyals de moros. Les finestres mores tenen la forma del pany de les portes. A trav\u00e9s de les finestres, com a trav\u00e9s dels panys, veus grans senyals d&#8217;ornaments i afalacs.<\/p><p class=\"prosa\" style=\"text-align: justify;\">Les cases de la Pobla estan decorades per dins amb grans riqueses de guixeries, entabacats i rajoles vidriades, semblant als palaus moros. N&#8217;hi ha algunes, per\u00f2, que tenen altres ornaments, com ja t&#8217;expressar\u00e9 m\u00e9s endavant. Les fa\u00e7anes s\u00f3n emblanquinades, encara que un poc descurades, a causa del temps i del fang i a causa de la brut\u00edcia que molts llancen a dreta ci\u00e8ncia. Gesmilers i flors de taronger brollen als ulls i satisfan amb llur flaire. Cases flamants i tan blanques com una coloma, amb horts molt grans i bells i ben plantats de molts arbres. \u00c7o delita molt els ulls i asseca els brolladors de ll\u00e0grimes. Bells captius conreen aquests jardins. La regina habita en una mena de petit palau molt ric, emparamentat de p\u00e0mpols amb gran c\u00f2pia de ra\u00efms. Si no ho veus, no ho treus, encara que ho hages o\u00eft mil vegades.<\/p>\t\t\t\t\t\t\t\t<\/div>\n\t\t\t\t<\/div>\n\t\t\t\t<div class=\"elementor-element elementor-element-9c34e39 elementor-widget-divider--view-line elementor-widget elementor-widget-divider\" data-id=\"9c34e39\" data-element_type=\"widget\" data-e-type=\"widget\" data-widget_type=\"divider.default\">\n\t\t\t\t<div class=\"elementor-widget-container\">\n\t\t\t\t\t\t\t<div class=\"elementor-divider\">\n\t\t\t<span class=\"elementor-divider-separator\">\n\t\t\t\t\t\t<\/span>\n\t\t<\/div>\n\t\t\t\t\t\t<\/div>\n\t\t\t\t<\/div>\n\t\t\t\t<div class=\"elementor-element elementor-element-06486bc elementor-widget elementor-widget-text-editor\" data-id=\"06486bc\" data-element_type=\"widget\" data-e-type=\"widget\" data-widget_type=\"text-editor.default\">\n\t\t\t\t<div class=\"elementor-widget-container\">\n\t\t\t\t\t\t\t\t\t<h4 style=\"text-align: justify;\"><strong>CR\u00cdTICA<\/strong><\/h4>\t\t\t\t\t\t\t\t<\/div>\n\t\t\t\t<\/div>\n\t\t\t\t<div class=\"elementor-element elementor-element-fd6b77a elementor-widget elementor-widget-text-editor\" data-id=\"fd6b77a\" data-element_type=\"widget\" data-e-type=\"widget\" data-widget_type=\"text-editor.default\">\n\t\t\t\t<div class=\"elementor-widget-container\">\n\t\t\t\t\t\t\t\t\t<p style=\"text-align: justify;\">La novel\u00b7la presenta la lluita entre la concepci\u00f3 renaixentista, m\u00e9s mundana i fr\u00edvola de la societat, i la d\u2019arrels medieval, m\u00e9s moral, cat\u00f2lica i absolutament intransigents amb el que representa el bordell dins la ciutat. Extrapolant el debat, dir\u00edem sensualitat i plaer contra Inquisici\u00f3. O dit d\u2019una altra manera, la Inquisici\u00f3 al servei de la moral tradicional. D\u2019aqu\u00ed neix la lluita i destrucci\u00f3 del bordell de la Regina i, parab\u00f2licament, de tot el m\u00f3n de sensualitat que el joglar de N\u00e0pols ens transmet en les seues reflexions i comentaris. La destrucci\u00f3 del bordell \u00e9s per\u00f2, a m\u00e9s, una par\u00e0frasi de la destrucci\u00f3 de tota la ciutat o, almenys, el reconeixement que \u00e9s la fi d\u2019aquell tipus de vida que, a poc a poc, se\u2019ns havia anat mostrant. En els darrers moments, el joglar, mig malalt, desvarieja i somia la seua alliberaci\u00f3 mentre, allunyant-se de la ciutat, n\u2019observa la destrucci\u00f3. <strong>\u00c1lex Broch.<\/strong><\/p>\t\t\t\t\t\t\t\t<\/div>\n\t\t\t\t<\/div>\n\t\t\t\t<div class=\"elementor-element elementor-element-2089808 elementor-widget-divider--view-line elementor-widget elementor-widget-divider\" data-id=\"2089808\" data-element_type=\"widget\" data-e-type=\"widget\" data-widget_type=\"divider.default\">\n\t\t\t\t<div class=\"elementor-widget-container\">\n\t\t\t\t\t\t\t<div class=\"elementor-divider\">\n\t\t\t<span class=\"elementor-divider-separator\">\n\t\t\t\t\t\t<\/span>\n\t\t<\/div>\n\t\t\t\t\t\t<\/div>\n\t\t\t\t<\/div>\n\t\t<div class=\"elementor-element elementor-element-826cf43 e-con-full e-flex e-con e-child\" data-id=\"826cf43\" data-element_type=\"container\" data-e-type=\"container\">\n\t\t\t\t<div class=\"elementor-element elementor-element-8d76f78 elementor-widget elementor-widget-text-editor\" data-id=\"8d76f78\" data-element_type=\"widget\" data-e-type=\"widget\" data-widget_type=\"text-editor.default\">\n\t\t\t\t<div class=\"elementor-widget-container\">\n\t\t\t\t\t\t\t\t\t<p style=\"text-align: justify;\">Si desea conocer m\u00e1s acerca de este libro, incluso saber c\u00f3mo poderlo adquirir, por favor, cons\u00faltenos a trav\u00e9s de este formulario, e intentaremos ayudarle lo mejor que podamos.<\/p>\t\t\t\t\t\t\t\t<\/div>\n\t\t\t\t<\/div>\n\t\t\t\t<div class=\"elementor-element elementor-element-05acba3 elementor-widget elementor-widget-shortcode\" data-id=\"05acba3\" data-element_type=\"widget\" data-e-type=\"widget\" data-widget_type=\"shortcode.default\">\n\t\t\t\t<div class=\"elementor-widget-container\">\n\t\t\t\t\t\t\t<div class=\"elementor-shortcode\">\n<div class=\"wpcf7 no-js\" id=\"wpcf7-f4313-o1\" lang=\"es-ES\" dir=\"ltr\" data-wpcf7-id=\"4313\">\n<div class=\"screen-reader-response\"><p role=\"status\" aria-live=\"polite\" aria-atomic=\"true\"><\/p> <ul><\/ul><\/div>\n<form action=\"\/index.php\/wp-json\/wp\/v2\/pages\/3325#wpcf7-f4313-o1\" method=\"post\" class=\"wpcf7-form init\" aria-label=\"Formulario de contacto\" novalidate=\"novalidate\" data-status=\"init\">\n<fieldset class=\"hidden-fields-container\"><input type=\"hidden\" name=\"_wpcf7\" value=\"4313\" \/><input type=\"hidden\" name=\"_wpcf7_version\" value=\"6.1.5\" \/><input type=\"hidden\" name=\"_wpcf7_locale\" value=\"es_ES\" \/><input type=\"hidden\" name=\"_wpcf7_unit_tag\" value=\"wpcf7-f4313-o1\" \/><input type=\"hidden\" name=\"_wpcf7_container_post\" value=\"0\" \/><input type=\"hidden\" name=\"_wpcf7_posted_data_hash\" value=\"\" \/><input type=\"hidden\" name=\"_wpcf7_recaptcha_response\" value=\"\" \/>\n<\/fieldset>\n<p><label> Tu nombre *<br \/>\n<span class=\"wpcf7-form-control-wrap\" data-name=\"your-name\"><input size=\"40\" maxlength=\"400\" class=\"wpcf7-form-control wpcf7-text wpcf7-validates-as-required\" autocomplete=\"name\" aria-required=\"true\" aria-invalid=\"false\" value=\"\" type=\"text\" name=\"your-name\" \/><\/span> <\/label>\n<\/p>\n<p><label> Tu correo electronico *<br \/>\n<span class=\"wpcf7-form-control-wrap\" data-name=\"your-email\"><input size=\"40\" maxlength=\"400\" class=\"wpcf7-form-control wpcf7-email wpcf7-validates-as-required wpcf7-text wpcf7-validates-as-email\" autocomplete=\"email\" aria-required=\"true\" aria-invalid=\"false\" value=\"\" type=\"email\" name=\"your-email\" \/><\/span> <\/label>\n<\/p>\n<p><label> Tu numero de telefono<br \/>\n<span class=\"wpcf7-form-control-wrap\" data-name=\"your-tel\"><input size=\"40\" maxlength=\"400\" class=\"wpcf7-form-control wpcf7-tel wpcf7-text wpcf7-validates-as-tel\" autocomplete=\"tel\" aria-invalid=\"false\" value=\"\" type=\"tel\" name=\"your-tel\" \/><\/span> <\/label>\n<\/p>\n<p><label> Asunto *<br \/>\n<span class=\"wpcf7-form-control-wrap\" data-name=\"your-subject\"><input size=\"40\" maxlength=\"400\" class=\"wpcf7-form-control wpcf7-text wpcf7-validates-as-required\" aria-required=\"true\" aria-invalid=\"false\" value=\"\" type=\"text\" name=\"your-subject\" \/><\/span> <\/label>\n<\/p>\n<p><label> Tu mensaje (opcional)<br \/>\n<span class=\"wpcf7-form-control-wrap\" data-name=\"your-message\"><textarea cols=\"40\" rows=\"10\" maxlength=\"2000\" class=\"wpcf7-form-control wpcf7-textarea\" aria-invalid=\"false\" name=\"your-message\"><\/textarea><\/span> <\/label>\n<\/p>\n<p><input class=\"wpcf7-form-control wpcf7-submit has-spinner\" type=\"submit\" value=\"Enviar\" \/>\n<\/p><p style=\"display: none !important;\" class=\"akismet-fields-container\" data-prefix=\"_wpcf7_ak_\"><label>&#916;<textarea name=\"_wpcf7_ak_hp_textarea\" cols=\"45\" rows=\"8\" maxlength=\"100\"><\/textarea><\/label><input type=\"hidden\" id=\"ak_js_1\" name=\"_wpcf7_ak_js\" value=\"142\"\/><script>document.getElementById( \"ak_js_1\" ).setAttribute( \"value\", ( new Date() ).getTime() );<\/script><\/p><div class=\"wpcf7-response-output\" aria-hidden=\"true\"><\/div>\n<\/form>\n<\/div>\n<\/div>\n\t\t\t\t\t\t<\/div>\n\t\t\t\t<\/div>\n\t\t\t\t<div class=\"elementor-element elementor-element-2bd4af5 elementor-widget-divider--view-line elementor-widget elementor-widget-divider\" data-id=\"2bd4af5\" data-element_type=\"widget\" data-e-type=\"widget\" data-widget_type=\"divider.default\">\n\t\t\t\t<div class=\"elementor-widget-container\">\n\t\t\t\t\t\t\t<div class=\"elementor-divider\">\n\t\t\t<span class=\"elementor-divider-separator\">\n\t\t\t\t\t\t<\/span>\n\t\t<\/div>\n\t\t\t\t\t\t<\/div>\n\t\t\t\t<\/div>\n\t\t\t\t<\/div>\n\t\t\t\t\t<\/div>\n\t\t\t\t<\/div>\n\t\t\t\t<\/div>\n\t\t","protected":false},"excerpt":{"rendered":"<div class=\"entry-summary\">\n<div class=\"entry-summary\">\nla regina de la pobla de les fembres peccadrius Edicions 62 &#8211;&hellip;\n<\/div>\n<div class=\"link-more\"><a href=\"https:\/\/ferrancremades.es\/index.php\/bibliografia\/la-regina-de-la-pobla\/\" class=\"more-link\">Seguir leyendo<span class=\"screen-reader-text\"> &ldquo;3.4.2 La Regina de la Pobla&rdquo;<\/span>&hellip;<\/a><\/div>\n<\/div>\n<div class=\"link-more\"><a href=\"https:\/\/ferrancremades.es\/index.php\/bibliografia\/la-regina-de-la-pobla\/\" class=\"more-link\">Seguir leyendo<span class=\"screen-reader-text\"> &ldquo;3.4.2 La Regina de la Pobla&rdquo;<\/span>&hellip;<\/a><\/div>\n","protected":false},"author":1,"featured_media":0,"parent":2500,"menu_order":0,"comment_status":"closed","ping_status":"closed","template":"","meta":{"_acf_changed":false,"_monsterinsights_skip_tracking":false,"_monsterinsights_sitenote_active":false,"_monsterinsights_sitenote_note":"","_monsterinsights_sitenote_category":0,"_joinchat":[],"footnotes":""},"class_list":["post-3325","page","type-page","status-publish","hentry","entry"],"acf":[],"aioseo_notices":[],"_links":{"self":[{"href":"https:\/\/ferrancremades.es\/index.php\/wp-json\/wp\/v2\/pages\/3325","targetHints":{"allow":["GET"]}}],"collection":[{"href":"https:\/\/ferrancremades.es\/index.php\/wp-json\/wp\/v2\/pages"}],"about":[{"href":"https:\/\/ferrancremades.es\/index.php\/wp-json\/wp\/v2\/types\/page"}],"author":[{"embeddable":true,"href":"https:\/\/ferrancremades.es\/index.php\/wp-json\/wp\/v2\/users\/1"}],"replies":[{"embeddable":true,"href":"https:\/\/ferrancremades.es\/index.php\/wp-json\/wp\/v2\/comments?post=3325"}],"version-history":[{"count":28,"href":"https:\/\/ferrancremades.es\/index.php\/wp-json\/wp\/v2\/pages\/3325\/revisions"}],"predecessor-version":[{"id":4724,"href":"https:\/\/ferrancremades.es\/index.php\/wp-json\/wp\/v2\/pages\/3325\/revisions\/4724"}],"up":[{"embeddable":true,"href":"https:\/\/ferrancremades.es\/index.php\/wp-json\/wp\/v2\/pages\/2500"}],"wp:attachment":[{"href":"https:\/\/ferrancremades.es\/index.php\/wp-json\/wp\/v2\/media?parent=3325"}],"curies":[{"name":"wp","href":"https:\/\/api.w.org\/{rel}","templated":true}]}}