{"id":3231,"date":"2024-08-25T11:26:28","date_gmt":"2024-08-25T11:26:28","guid":{"rendered":"https:\/\/ferrancremades.es\/?page_id=3231"},"modified":"2024-09-06T11:48:58","modified_gmt":"2024-09-06T09:48:58","slug":"vaixell-de-neu","status":"publish","type":"page","link":"https:\/\/ferrancremades.es\/index.php\/bibliografia\/vaixell-de-neu\/","title":{"rendered":"3.4.3 Vaixell de Neu"},"content":{"rendered":"\t\t<div data-elementor-type=\"wp-page\" data-elementor-id=\"3231\" class=\"elementor elementor-3231\">\n\t\t\t\t<div class=\"elementor-element elementor-element-3e536ebe e-flex e-con-boxed e-con e-parent\" data-id=\"3e536ebe\" data-element_type=\"container\" data-e-type=\"container\">\n\t\t\t\t\t<div class=\"e-con-inner\">\n\t\t\t\t<div class=\"elementor-element elementor-element-c51a748 elementor-widget elementor-widget-image\" data-id=\"c51a748\" data-element_type=\"widget\" data-e-type=\"widget\" data-widget_type=\"image.default\">\n\t\t\t\t<div class=\"elementor-widget-container\">\n\t\t\t\t\t\t\t\t\t\t\t\t\t\t\t<img fetchpriority=\"high\" decoding=\"async\" width=\"600\" height=\"300\" src=\"https:\/\/ferrancremades.es\/wp-content\/uploads\/2024\/08\/Vaixell-de-neu-600X300.jpg\" class=\"attachment-large size-large wp-image-3233\" alt=\"\" srcset=\"https:\/\/ferrancremades.es\/wp-content\/uploads\/2024\/08\/Vaixell-de-neu-600X300.jpg 600w, https:\/\/ferrancremades.es\/wp-content\/uploads\/2024\/08\/Vaixell-de-neu-600X300-300x150.jpg 300w\" sizes=\"(max-width: 600px) 100vw, 600px\" \/>\t\t\t\t\t\t\t\t\t\t\t\t\t\t\t<\/div>\n\t\t\t\t<\/div>\n\t\t\t\t<div class=\"elementor-element elementor-element-fd76c35 elementor-widget-divider--view-line elementor-widget elementor-widget-divider\" data-id=\"fd76c35\" data-element_type=\"widget\" data-e-type=\"widget\" data-widget_type=\"divider.default\">\n\t\t\t\t<div class=\"elementor-widget-container\">\n\t\t\t\t\t\t\t<div class=\"elementor-divider\">\n\t\t\t<span class=\"elementor-divider-separator\">\n\t\t\t\t\t\t<\/span>\n\t\t<\/div>\n\t\t\t\t\t\t<\/div>\n\t\t\t\t<\/div>\n\t\t\t\t<div class=\"elementor-element elementor-element-9846cc7 elementor-widget elementor-widget-text-editor\" data-id=\"9846cc7\" data-element_type=\"widget\" data-e-type=\"widget\" data-widget_type=\"text-editor.default\">\n\t\t\t\t<div class=\"elementor-widget-container\">\n\t\t\t\t\t\t\t\t\t<p style=\"text-align: justify;\"><strong><em>Vaixell de neu<\/em>.<\/strong><\/p><p>Gregal Llibres. Valencia 1989.<\/p><p>Voramar Alfaguara. Ed. Santillana. Madrid 1996.<\/p><p><em><strong>Director literari: Enric Juan.<\/strong><\/em><\/p>\t\t\t\t\t\t\t\t<\/div>\n\t\t\t\t<\/div>\n\t\t\t\t<div class=\"elementor-element elementor-element-bb67884 elementor-widget-divider--view-line elementor-widget elementor-widget-divider\" data-id=\"bb67884\" data-element_type=\"widget\" data-e-type=\"widget\" data-widget_type=\"divider.default\">\n\t\t\t\t<div class=\"elementor-widget-container\">\n\t\t\t\t\t\t\t<div class=\"elementor-divider\">\n\t\t\t<span class=\"elementor-divider-separator\">\n\t\t\t\t\t\t<\/span>\n\t\t<\/div>\n\t\t\t\t\t\t<\/div>\n\t\t\t\t<\/div>\n\t\t\t\t<div class=\"elementor-element elementor-element-f1baded elementor-widget elementor-widget-text-editor\" data-id=\"f1baded\" data-element_type=\"widget\" data-e-type=\"widget\" data-widget_type=\"text-editor.default\">\n\t\t\t\t<div class=\"elementor-widget-container\">\n\t\t\t\t\t\t\t\t\t<p style=\"text-align: justify;\">Tres temps s\u2019encreuen al llarg de\u00a0<strong><em>Vaixell de neu<\/em><\/strong>. Per una banda, el temps de la infantesa, on l\u2019Albert-xiquet habita la natura i conviu amb un m\u00f3n ple de m\u00e0gia: la cambra plena de coloms i nius d\u2019oronelles, la via del tren per on passa com una bala el Bou Roig, i el vaixell de joguet que el fa somiar altres mons. Per l\u2019altra, el temps de la travessia, on l\u2019Albert, juntament amb la seua fam\u00edlia, es veu for\u00e7at a abandonar la terra on ha nascut i a emigrar a la recerca d\u2019un pa\u00eds ric. El crit de \u201c\u00a1Am\u00e8rica, Am\u00e8rica!\u201d corre de boca en boca. I , a la fi, el temps de la mem\u00f2ria: els records s\u00f3n per a l\u2019Albert-Avi del Port sensacions f\u00edsiques que el fan viatjar a trav\u00e9s de la fantasia.<\/p>\n<p style=\"text-align: left;\"><strong><em>Vaixell de neu\u00a0<\/em><\/strong>\u00e9s un tap\u00eds \u2013teixit amb la subtilesa sedosa de les percepcions i dels sentiments\u2212 que ens reflecteix uns personatges, uns paisatges, uns costums que el temps ha fos com el sol fon la neu.<\/p>\t\t\t\t\t\t\t\t<\/div>\n\t\t\t\t<\/div>\n\t\t\t\t<div class=\"elementor-element elementor-element-452551c elementor-widget elementor-widget-image\" data-id=\"452551c\" data-element_type=\"widget\" data-e-type=\"widget\" data-widget_type=\"image.default\">\n\t\t\t\t<div class=\"elementor-widget-container\">\n\t\t\t\t\t\t\t\t\t\t\t\t\t\t\t<img decoding=\"async\" width=\"1020\" height=\"1020\" src=\"https:\/\/ferrancremades.es\/wp-content\/uploads\/2024\/08\/Vaixell-de-neu-1200-1024x1024.jpg\" class=\"attachment-large size-large wp-image-3227\" alt=\"\" srcset=\"https:\/\/ferrancremades.es\/wp-content\/uploads\/2024\/08\/Vaixell-de-neu-1200-1024x1024.jpg 1024w, https:\/\/ferrancremades.es\/wp-content\/uploads\/2024\/08\/Vaixell-de-neu-1200-300x300.jpg 300w, https:\/\/ferrancremades.es\/wp-content\/uploads\/2024\/08\/Vaixell-de-neu-1200-150x150.jpg 150w, https:\/\/ferrancremades.es\/wp-content\/uploads\/2024\/08\/Vaixell-de-neu-1200-768x768.jpg 768w, https:\/\/ferrancremades.es\/wp-content\/uploads\/2024\/08\/Vaixell-de-neu-1200.jpg 1200w\" sizes=\"(max-width: 1020px) 100vw, 1020px\" \/>\t\t\t\t\t\t\t\t\t\t\t\t\t\t\t<\/div>\n\t\t\t\t<\/div>\n\t\t\t\t<div class=\"elementor-element elementor-element-cec085f elementor-widget elementor-widget-text-editor\" data-id=\"cec085f\" data-element_type=\"widget\" data-e-type=\"widget\" data-widget_type=\"text-editor.default\">\n\t\t\t\t<div class=\"elementor-widget-container\">\n\t\t\t\t\t\t\t\t\t<strong>Un quadern de records<\/strong>\n<p style=\"text-align: justify;\">\u201c&#8230; D&#8217;alguna manera l&#8217;autor ha de tindre-ho en compte i, a m\u00e9s, sense haver de rec\u00f3rrer a cap tipus de costumisme ruralista, on, per altra banda, seria ben f\u00e0cil de caure, donades les exig\u00e8ncies del relat. L&#8217;autor ho aconsegueix per mitj\u00e0 del distanciament del protagonista que, en certa mesura, metaforitza el seu propi allunyament. I aix\u00f2 ve refor\u00e7at per l&#8217;equilibri existent entre dos mons, entre la infantesa i la vellesa, el Mediterrani on ha nascut i l&#8217;Atl\u00e0ntic on viu el protagonista, la cultura rural i la urbana. Eixes dicotomies li serveixen per a evitar els fets anecd\u00f2tiques i, aix\u00ed, l&#8217;autor es basa en unes viv\u00e8ncies evocades, passades pel sed\u00e0s dels anys i el desig del protagonista, que ens les fa m\u00e9s dilu\u00efdes i, alhora, m\u00e9s denses. Tanmateix, no pot defugir un m\u00ednim de sublimaci\u00f3 del record perqu\u00e8 com s&#8217;hi afirma: \u201cconfon en la seua ment ja irracional el record dels fets i el desig dels somnis\u201d. I tot aix\u00f2 ve amerat per un ampli espectre d&#8217;impressions sensuals, corpore\u00eftzades per un seguit d&#8217;olors, sabors, colors&#8230; Unes evocacions que no s\u00f3n privatives del lector a qui va dirigit el relat, sin\u00f3 que s\u00f3n assumibles per qualsevol lector de sensibilitat semblant. O siga que ens trobem, en definitiva, amb una publicaci\u00f3 \u00abIocal\u00bb que defuig el localisme.<\/p>\n<p style=\"text-align: justify;\">Per altra banda, el tractament del llenguatge \u00e9s, potser, el que m\u00e9s ens ha colpit. I aix\u00f2 \u00e9s perqu\u00e8 hi ha una voluntat d&#8217;utilitzar un llenguatge viu i connectat a les viv\u00e8ncies evocades, sense caure en col\u00b7loquialismes, cosa que li permet mantindre un equilibri (al nostre parer, ben encertat), entre el nivell de llengua liter\u00e0ria i un nivell m\u00e9s assequible. I estem parlant, no cal dir-ho, del que sembla etern problema de l&#8217;est\u00e0ndard&#8230;<\/p>\n<p style=\"text-align: justify;\">Una qualitat liter\u00e0ria que ve perfectament sincronitzada per unes imatges belles en la seua austeritat que il\u00b7lustren, de vegades agosaradament, el punt de refer\u00e8ncia d&#8217;aquest espl\u00e8ndid quadern de records.\n<br>\n<br>\n<strong>(Francesc Calafat i Josep Alandete)<\/strong><em>.<\/em>\n<br>\n\nQuadern de records \u2212actual Vaixell de Neu\u2212.\n<br>\n\nProced\u00e8ncia: EL\u00b7LIPSIS 3, (1987), p\u00e0gs. 67-68)<\/p>\t\t\t\t\t\t\t\t<\/div>\n\t\t\t\t<\/div>\n\t\t\t\t<div class=\"elementor-element elementor-element-22f59f1 elementor-widget-divider--view-line elementor-widget elementor-widget-divider\" data-id=\"22f59f1\" data-element_type=\"widget\" data-e-type=\"widget\" data-widget_type=\"divider.default\">\n\t\t\t\t<div class=\"elementor-widget-container\">\n\t\t\t\t\t\t\t<div class=\"elementor-divider\">\n\t\t\t<span class=\"elementor-divider-separator\">\n\t\t\t\t\t\t<\/span>\n\t\t<\/div>\n\t\t\t\t\t\t<\/div>\n\t\t\t\t<\/div>\n\t\t\t\t<div class=\"elementor-element elementor-element-75b92fe elementor-widget elementor-widget-text-editor\" data-id=\"75b92fe\" data-element_type=\"widget\" data-e-type=\"widget\" data-widget_type=\"text-editor.default\">\n\t\t\t\t<div class=\"elementor-widget-container\">\n\t\t\t\t\t\t\t\t\t<p>Si desea conocer m\u00e1s acerca de este libro, incluso saber c\u00f3mo poderlo adquirir, por favor, cons\u00faltenos a trav\u00e9s de este formulario, e intentaremos ayudarle lo mejor que podamos.<\/p>\t\t\t\t\t\t\t\t<\/div>\n\t\t\t\t<\/div>\n\t\t\t\t<div class=\"elementor-element elementor-element-3acb5eb elementor-widget elementor-widget-shortcode\" data-id=\"3acb5eb\" data-element_type=\"widget\" data-e-type=\"widget\" data-widget_type=\"shortcode.default\">\n\t\t\t\t<div class=\"elementor-widget-container\">\n\t\t\t\t\t\t\t<div class=\"elementor-shortcode\">\n<div class=\"wpcf7 no-js\" id=\"wpcf7-f4313-o1\" lang=\"es-ES\" dir=\"ltr\" data-wpcf7-id=\"4313\">\n<div class=\"screen-reader-response\"><p role=\"status\" aria-live=\"polite\" aria-atomic=\"true\"><\/p> <ul><\/ul><\/div>\n<form action=\"\/index.php\/wp-json\/wp\/v2\/pages\/3231#wpcf7-f4313-o1\" method=\"post\" class=\"wpcf7-form init\" aria-label=\"Formulario de contacto\" novalidate=\"novalidate\" data-status=\"init\">\n<fieldset class=\"hidden-fields-container\"><input type=\"hidden\" name=\"_wpcf7\" value=\"4313\" \/><input type=\"hidden\" name=\"_wpcf7_version\" value=\"6.1.5\" \/><input type=\"hidden\" name=\"_wpcf7_locale\" value=\"es_ES\" \/><input type=\"hidden\" name=\"_wpcf7_unit_tag\" value=\"wpcf7-f4313-o1\" \/><input type=\"hidden\" name=\"_wpcf7_container_post\" value=\"0\" \/><input type=\"hidden\" name=\"_wpcf7_posted_data_hash\" value=\"\" \/><input type=\"hidden\" name=\"_wpcf7_recaptcha_response\" value=\"\" \/>\n<\/fieldset>\n<p><label> Tu nombre *<br \/>\n<span class=\"wpcf7-form-control-wrap\" data-name=\"your-name\"><input size=\"40\" maxlength=\"400\" class=\"wpcf7-form-control wpcf7-text wpcf7-validates-as-required\" autocomplete=\"name\" aria-required=\"true\" aria-invalid=\"false\" value=\"\" type=\"text\" name=\"your-name\" \/><\/span> <\/label>\n<\/p>\n<p><label> Tu correo electronico *<br \/>\n<span class=\"wpcf7-form-control-wrap\" data-name=\"your-email\"><input size=\"40\" maxlength=\"400\" class=\"wpcf7-form-control wpcf7-email wpcf7-validates-as-required wpcf7-text wpcf7-validates-as-email\" autocomplete=\"email\" aria-required=\"true\" aria-invalid=\"false\" value=\"\" type=\"email\" name=\"your-email\" \/><\/span> <\/label>\n<\/p>\n<p><label> Tu numero de telefono<br \/>\n<span class=\"wpcf7-form-control-wrap\" data-name=\"your-tel\"><input size=\"40\" maxlength=\"400\" class=\"wpcf7-form-control wpcf7-tel wpcf7-text wpcf7-validates-as-tel\" autocomplete=\"tel\" aria-invalid=\"false\" value=\"\" type=\"tel\" name=\"your-tel\" \/><\/span> <\/label>\n<\/p>\n<p><label> Asunto *<br \/>\n<span class=\"wpcf7-form-control-wrap\" data-name=\"your-subject\"><input size=\"40\" maxlength=\"400\" class=\"wpcf7-form-control wpcf7-text wpcf7-validates-as-required\" aria-required=\"true\" aria-invalid=\"false\" value=\"\" type=\"text\" name=\"your-subject\" \/><\/span> <\/label>\n<\/p>\n<p><label> Tu mensaje (opcional)<br \/>\n<span class=\"wpcf7-form-control-wrap\" data-name=\"your-message\"><textarea cols=\"40\" rows=\"10\" maxlength=\"2000\" class=\"wpcf7-form-control wpcf7-textarea\" aria-invalid=\"false\" name=\"your-message\"><\/textarea><\/span> <\/label>\n<\/p>\n<p><input class=\"wpcf7-form-control wpcf7-submit has-spinner\" type=\"submit\" value=\"Enviar\" \/>\n<\/p><p style=\"display: none !important;\" class=\"akismet-fields-container\" data-prefix=\"_wpcf7_ak_\"><label>&#916;<textarea name=\"_wpcf7_ak_hp_textarea\" cols=\"45\" rows=\"8\" maxlength=\"100\"><\/textarea><\/label><input type=\"hidden\" id=\"ak_js_1\" name=\"_wpcf7_ak_js\" value=\"79\"\/><script>document.getElementById( \"ak_js_1\" ).setAttribute( \"value\", ( new Date() ).getTime() );<\/script><\/p><div class=\"wpcf7-response-output\" aria-hidden=\"true\"><\/div>\n<\/form>\n<\/div>\n<\/div>\n\t\t\t\t\t\t<\/div>\n\t\t\t\t<\/div>\n\t\t\t\t<div class=\"elementor-element elementor-element-8a290a0 elementor-widget-divider--view-line elementor-widget elementor-widget-divider\" data-id=\"8a290a0\" data-element_type=\"widget\" data-e-type=\"widget\" data-widget_type=\"divider.default\">\n\t\t\t\t<div class=\"elementor-widget-container\">\n\t\t\t\t\t\t\t<div class=\"elementor-divider\">\n\t\t\t<span class=\"elementor-divider-separator\">\n\t\t\t\t\t\t<\/span>\n\t\t<\/div>\n\t\t\t\t\t\t<\/div>\n\t\t\t\t<\/div>\n\t\t<div class=\"elementor-element elementor-element-826cf43 e-con-full e-flex e-con e-child\" data-id=\"826cf43\" data-element_type=\"container\" data-e-type=\"container\">\n\t\t\t\t<\/div>\n\t\t\t\t\t<\/div>\n\t\t\t\t<\/div>\n\t\t\t\t<\/div>\n\t\t","protected":false},"excerpt":{"rendered":"<div class=\"entry-summary\">\n<div class=\"entry-summary\">\nVaixell de neu. Gregal Llibres. Valencia 1989. Voramar Alfaguara. Ed. Santillana. Madrid&hellip;\n<\/div>\n<div class=\"link-more\"><a href=\"https:\/\/ferrancremades.es\/index.php\/bibliografia\/vaixell-de-neu\/\" class=\"more-link\">Seguir leyendo<span class=\"screen-reader-text\"> &ldquo;3.4.3 Vaixell de Neu&rdquo;<\/span>&hellip;<\/a><\/div>\n<\/div>\n<div class=\"link-more\"><a href=\"https:\/\/ferrancremades.es\/index.php\/bibliografia\/vaixell-de-neu\/\" class=\"more-link\">Seguir leyendo<span class=\"screen-reader-text\"> &ldquo;3.4.3 Vaixell de Neu&rdquo;<\/span>&hellip;<\/a><\/div>\n","protected":false},"author":1,"featured_media":0,"parent":2500,"menu_order":0,"comment_status":"closed","ping_status":"closed","template":"","meta":{"_acf_changed":false,"_monsterinsights_skip_tracking":false,"_monsterinsights_sitenote_active":false,"_monsterinsights_sitenote_note":"","_monsterinsights_sitenote_category":0,"_joinchat":[],"footnotes":""},"class_list":["post-3231","page","type-page","status-publish","hentry","entry"],"acf":[],"aioseo_notices":[],"_links":{"self":[{"href":"https:\/\/ferrancremades.es\/index.php\/wp-json\/wp\/v2\/pages\/3231","targetHints":{"allow":["GET"]}}],"collection":[{"href":"https:\/\/ferrancremades.es\/index.php\/wp-json\/wp\/v2\/pages"}],"about":[{"href":"https:\/\/ferrancremades.es\/index.php\/wp-json\/wp\/v2\/types\/page"}],"author":[{"embeddable":true,"href":"https:\/\/ferrancremades.es\/index.php\/wp-json\/wp\/v2\/users\/1"}],"replies":[{"embeddable":true,"href":"https:\/\/ferrancremades.es\/index.php\/wp-json\/wp\/v2\/comments?post=3231"}],"version-history":[{"count":45,"href":"https:\/\/ferrancremades.es\/index.php\/wp-json\/wp\/v2\/pages\/3231\/revisions"}],"predecessor-version":[{"id":4680,"href":"https:\/\/ferrancremades.es\/index.php\/wp-json\/wp\/v2\/pages\/3231\/revisions\/4680"}],"up":[{"embeddable":true,"href":"https:\/\/ferrancremades.es\/index.php\/wp-json\/wp\/v2\/pages\/2500"}],"wp:attachment":[{"href":"https:\/\/ferrancremades.es\/index.php\/wp-json\/wp\/v2\/media?parent=3231"}],"curies":[{"name":"wp","href":"https:\/\/api.w.org\/{rel}","templated":true}]}}